{"id":14714,"date":"2024-11-03T11:25:12","date_gmt":"2024-11-03T10:25:12","guid":{"rendered":"https:\/\/tva-foundation.org\/?page_id=14714"},"modified":"2026-03-12T23:04:01","modified_gmt":"2026-03-12T22:04:01","slug":"esperanza-for-life","status":"publish","type":"page","link":"https:\/\/tva-foundation.org\/de\/esperanza-for-life\/","title":{"rendered":"Esperanza for Life\u2122 - Eine globale Bewegung"},"content":{"rendered":"<div data-elementor-type=\"wp-page\" data-elementor-id=\"14714\" class=\"elementor elementor-14714\" data-elementor-post-type=\"page\">\n\t\t\t\t<div class=\"elementor-element elementor-element-0b4002a e-flex e-con-boxed e-con e-parent\" data-id=\"0b4002a\" data-element_type=\"container\" data-e-type=\"container\">\n\t\t\t\t\t<div class=\"e-con-inner\">\n\t\t\t\t<div class=\"elementor-element elementor-element-7cdd0e5 elementor-widget elementor-widget-helpo_button\" data-id=\"7cdd0e5\" data-element_type=\"widget\" data-e-type=\"widget\" data-widget_type=\"helpo_button.default\">\n\t\t\t\t<div class=\"elementor-widget-container\">\n\t\t\t\t\t\n        <div class=\"helpo_button_widget\">\n            <div class=\"helpo_button_container\">\n                <a class=\"helpo_button helpo_button--primary\" href=\"https:\/\/youtu.be\/ABfxhjmq5eo?si=s3AX4ui_ZYXp5TVn\" target=\"_blank\" rel=\"noopener\">SEHEN SIE SICH UNSERE ERSTE \"ESPERANZA FOR LIFE\"-VERANSTALTUNG AN<\/a>\n            <\/div>\n        <\/div>\n        \t\t\t\t<\/div>\n\t\t\t\t<\/div>\n\t\t\t\t\t<\/div>\n\t\t\t\t<\/div>\n\t\t<div class=\"elementor-element elementor-element-bed3980 e-flex e-con-boxed e-con e-parent\" data-id=\"bed3980\" data-element_type=\"container\" data-e-type=\"container\">\n\t\t\t\t\t<div class=\"e-con-inner\">\n\t\t\t\t<div class=\"elementor-element elementor-element-53ceb27 elementor-widget elementor-widget-spacer\" data-id=\"53ceb27\" data-element_type=\"widget\" data-e-type=\"widget\" data-widget_type=\"spacer.default\">\n\t\t\t\t<div class=\"elementor-widget-container\">\n\t\t\t\t\t\t\t<div class=\"elementor-spacer\">\n\t\t\t<div class=\"elementor-spacer-inner\"><\/div>\n\t\t<\/div>\n\t\t\t\t\t\t<\/div>\n\t\t\t\t<\/div>\n\t\t\t\t\t<\/div>\n\t\t\t\t<\/div>\n\t\t<div class=\"elementor-element elementor-element-8ad7131 e-flex e-con-boxed e-con e-parent\" data-id=\"8ad7131\" data-element_type=\"container\" data-e-type=\"container\">\n\t\t\t\t\t<div class=\"e-con-inner\">\n\t\t\t\t<div class=\"elementor-element elementor-element-84beb86 elementor-widget elementor-widget-text-editor\" data-id=\"84beb86\" data-element_type=\"widget\" data-e-type=\"widget\" data-widget_type=\"text-editor.default\">\n\t\t\t\t<div class=\"elementor-widget-container\">\n\t\t\t\t\t\t\t\t\t<h5 style=\"text-align: center;\"><span style=\"color: #d5b448;\"><img data-attachment-id=\"22229\" data-permalink=\"https:\/\/tva-foundation.org\/de\/logo_efl_tva_horizontal_gold_1000\/\" data-orig-file=\"https:\/\/tva-foundation.org\/wp-content\/uploads\/2025\/12\/Logo_EFL_TVA_horizontal_GOLD_1000.png\" data-orig-size=\"1001,378\" data-comments-opened=\"1\" data-image-meta=\"{&quot;aperture&quot;:&quot;0&quot;,&quot;credit&quot;:&quot;&quot;,&quot;camera&quot;:&quot;&quot;,&quot;caption&quot;:&quot;&quot;,&quot;created_timestamp&quot;:&quot;0&quot;,&quot;copyright&quot;:&quot;&quot;,&quot;focal_length&quot;:&quot;0&quot;,&quot;iso&quot;:&quot;0&quot;,&quot;shutter_speed&quot;:&quot;0&quot;,&quot;title&quot;:&quot;&quot;,&quot;orientation&quot;:&quot;0&quot;}\" data-image-title=\"Esperanza for Life\" data-image-description=\"\" data-image-caption=\"\" data-large-file=\"https:\/\/tva-foundation.org\/wp-content\/uploads\/2025\/12\/Logo_EFL_TVA_horizontal_GOLD_1000.png\" class=\"size-medium wp-image-22229 aligncenter\" src=\"https:\/\/tva-foundation.org\/wp-content\/uploads\/2025\/12\/Logo_EFL_TVA_horizontal_GOLD_1000-300x113.png\" alt=\"TvA International Foundation\" width=\"300\" height=\"113\" srcset=\"https:\/\/tva-foundation.org\/wp-content\/uploads\/2025\/12\/Logo_EFL_TVA_horizontal_GOLD_1000-300x113.png 300w, https:\/\/tva-foundation.org\/wp-content\/uploads\/2025\/12\/Logo_EFL_TVA_horizontal_GOLD_1000-768x290.png 768w, https:\/\/tva-foundation.org\/wp-content\/uploads\/2025\/12\/Logo_EFL_TVA_horizontal_GOLD_1000-18x7.png 18w, https:\/\/tva-foundation.org\/wp-content\/uploads\/2025\/12\/Logo_EFL_TVA_horizontal_GOLD_1000-600x227.png 600w, https:\/\/tva-foundation.org\/wp-content\/uploads\/2025\/12\/Logo_EFL_TVA_horizontal_GOLD_1000.png 1001w\" sizes=\"(max-width: 300px) 100vw, 300px\" \/>MANIFESTO<\/span>\u00a0<\/h5><h5 style=\"text-align: center;\"><span style=\"color: #333333;\">Die Philosophie hinter unserer Mission - <\/span><span style=\"color: #d5b448;\"><strong><span style=\"color: #333333;\">Philanthropie in einer neuen \u00c4ra: <\/span><\/strong><\/span><\/h5><h5 style=\"text-align: center;\"><span style=\"color: #d5b448;\"><strong><em>Esperanza for Life\u2122<\/em>\u00a0- <\/strong><\/span><span style=\"color: #d5b448;\"><strong>A\u00a0<\/strong><\/span><span style=\"color: #d5b448;\"><span style=\"caret-color: #d5b448;\">Global Movement <\/span><\/span><\/h5><h5 style=\"text-align: center;\"><strong><span style=\"color: #d5b448;\"><span style=\"color: #333333;\"><span style=\"caret-color: #d5b448;\">Unsere<\/span> Vision ist:<\/span> <em>Das Leben zu zelebrieren &amp; einen Beitrag<\/em> <em>f\u00fcr eine bessere Welt zu leisten<\/em> - <\/span><\/strong><em><strong><span style=\"color: #d5b448;\">Herzen &amp; Verstand zu ber\u00fchren und das Bewusstsein zu erweitern.<\/span><\/strong><\/em><\/h5><h5 style=\"text-align: center;\"><em><strong><span style=\"color: #d5b448;\"><img fetchpriority=\"high\" data-attachment-id=\"20427\" data-permalink=\"https:\/\/tva-foundation.org\/de\/da288e7d-1706-4ffa-bf5a-d201a865356c\/\" data-orig-file=\"https:\/\/tva-foundation.org\/wp-content\/uploads\/2025\/07\/DA288E7D-1706-4FFA-BF5A-D201A865356C.jpeg\" data-orig-size=\"1536,1024\" data-comments-opened=\"1\" data-image-meta=\"{&quot;aperture&quot;:&quot;0&quot;,&quot;credit&quot;:&quot;&quot;,&quot;camera&quot;:&quot;&quot;,&quot;caption&quot;:&quot;&quot;,&quot;created_timestamp&quot;:&quot;0&quot;,&quot;copyright&quot;:&quot;&quot;,&quot;focal_length&quot;:&quot;0&quot;,&quot;iso&quot;:&quot;0&quot;,&quot;shutter_speed&quot;:&quot;0&quot;,&quot;title&quot;:&quot;&quot;,&quot;orientation&quot;:&quot;1&quot;}\" data-image-title=\"Regard, Respect &amp;#038; Protect\" data-image-description=\"\" data-image-caption=\"\" data-large-file=\"https:\/\/tva-foundation.org\/wp-content\/uploads\/2025\/07\/DA288E7D-1706-4FFA-BF5A-D201A865356C-1024x683.jpeg\" class=\"size-medium wp-image-20427 aligncenter\" src=\"https:\/\/tva-foundation.org\/wp-content\/uploads\/2025\/07\/DA288E7D-1706-4FFA-BF5A-D201A865356C-300x200.jpeg\" alt=\"TvA International Foundation\" width=\"300\" height=\"200\" srcset=\"https:\/\/tva-foundation.org\/wp-content\/uploads\/2025\/07\/DA288E7D-1706-4FFA-BF5A-D201A865356C-300x200.jpeg 300w, https:\/\/tva-foundation.org\/wp-content\/uploads\/2025\/07\/DA288E7D-1706-4FFA-BF5A-D201A865356C-1024x683.jpeg 1024w, https:\/\/tva-foundation.org\/wp-content\/uploads\/2025\/07\/DA288E7D-1706-4FFA-BF5A-D201A865356C-768x512.jpeg 768w, https:\/\/tva-foundation.org\/wp-content\/uploads\/2025\/07\/DA288E7D-1706-4FFA-BF5A-D201A865356C-18x12.jpeg 18w, https:\/\/tva-foundation.org\/wp-content\/uploads\/2025\/07\/DA288E7D-1706-4FFA-BF5A-D201A865356C-600x400.jpeg 600w, https:\/\/tva-foundation.org\/wp-content\/uploads\/2025\/07\/DA288E7D-1706-4FFA-BF5A-D201A865356C.jpeg 1536w\" sizes=\"(max-width: 300px) 100vw, 300px\" \/><\/span><\/strong><\/em><\/h5><h5><strong>Intro<\/strong><strong>duc<\/strong><strong>tion<\/strong><\/h5><p>In einer von Technologie und schnellem Wandel gepr\u00e4gten Welt l\u00e4uft die Menschheit Gefahr, ihre Verbindung zu den wesentlichen Werten - Selbstbewusstsein, emotionale Bindung und Respekt vor dem Leben - zu verlieren.<\/p><p><strong><em><span style=\"color: #d5b448;\"><span style=\"caret-color: #d5b448;\">Esperanza for Life\u2122<\/span><\/span><\/em><\/strong><span style=\"color: #333333;\"><em><span style=\"caret-color: #d5b448;\">,<\/span><\/em><\/span> die von der Theodora von Auersperg (TvA) International Foundation ins Leben gerufene und gef\u00f6rderte globale Bewegung, will diese Verbindungen bewahren und pflegen und die universelle Sprache der K\u00fcnste nutzen, um das Leben zu feiern, die Natur zu sch\u00fctzen und k\u00fcnftige Generationen zu inspirieren.<\/p><p><strong><em><span style=\"color: #d5b448;\"><span style=\"caret-color: #d5b448;\">Esperanza for Life\u2122 <\/span><\/span><\/em><\/strong>ist eine Initiative der TvA International Foundation, die sich f\u00fcr die Schaffung einer Welt einsetzt, in der die Verbundenheit allen Lebens gefeiert und gesch\u00fctzt wird. Verwurzelt in Mitgef\u00fchl, Kreativit\u00e4t und Ehrfurcht, verk\u00f6rpert diese Bewegung unser Engagement f\u00fcr den Respekt vor der Natur, die Bewahrung verletzlicher Leben und die F\u00f6rderung zuk\u00fcnftiger Generationen. Durch diese Initiative wollen wir die Menschheit in einer globalen Feier des Lebens, der Kunst und der Natur vereinen.<\/p><h5>Unser Glaube<\/h5><div class=\"x11i5rnm xat24cr x1mh8g0r x1vvkbs xtlvy1s x126k92a\"><div dir=\"auto\">Bei der TvA International Foundation geht es uns um mehr als nur um die Unterst\u00fctzung unserer Anliegen - wir sind stolze Botschafter f\u00fcr Kunst und Kultur. Gemeinsam wollen wir das zeitlose Erbe von Musik und Kunst feiern und bewahren und Kreativit\u00e4t, Inspiration und Einigkeit \u00fcber Grenzen hinweg f\u00f6rdern.<\/div><div dir=\"auto\">\u00a0<\/div><div dir=\"auto\">Schaffung eines Pr\u00e4zedenzfalls f\u00fcr k\u00fcnftige <strong>Esperanza for Life\u2122<\/strong>\u00a0Veranstaltungen weltweit, die darauf abzielen, die \"<strong>TvA International Foundation als globale Kraft f\u00fcr sinnvolle Ver\u00e4nderungen\"<\/strong>.<\/div><\/div><div class=\"x11i5rnm xat24cr x1mh8g0r x1vvkbs xtlvy1s x126k92a\"><div dir=\"auto\">\u00a0<\/div><\/div><p>Die <strong><em><span style=\"color: #d5b448;\"><span style=\"caret-color: #d5b448;\">Esperanza for Life\u2122<\/span><\/span><\/em><\/strong>\u00a0Initiative basiert auf den Grund\u00fcberzeugungen, die unsere Arbeit leiten:<\/p><ul><li><strong>T<\/strong><strong>er<\/strong> <strong>Tr<\/strong><strong>ansfo<\/strong><strong>r<\/strong><strong>mative<\/strong> <strong>Po<\/strong><strong>w<\/strong><strong>e<\/strong><strong>r<\/strong> <strong>of <\/strong><strong>Art<\/strong>: Die universelle Sprache der Kunst bringt Menschen zusammen, \u00fcberwindet Grenzen und \u00fcberbr\u00fcckt Kulturen mit Empathie, Einigkeit und Freude.<\/li><\/ul><ul><li><strong>T<\/strong><strong>er<\/strong> <strong>Schutz<\/strong> <strong>of<\/strong><strong> The Protection of Nature and its Creatures<\/strong>: Eine gesunde Natur ist f\u00fcr das Wohlergehen und das \u00dcberleben k\u00fcnftiger Generationen von entscheidender Bedeutung und erfordert unsere aktive Pflege und Verantwortung.<\/li><\/ul><ul><li><strong>T<\/strong><strong>er<\/strong> <strong>Richtig<\/strong><strong>t<\/strong> <strong>The Richt to Childhood and Innocence<\/strong>: Jedes Kind verdient eine Welt, die Hoffnung, Tr\u00e4ume und Sicherheit bietet, in der sich sein Potenzial im Einklang mit der Natur entfalten kann.<\/li><\/ul><h5>Unsere Vision<img data-attachment-id=\"20886\" data-permalink=\"https:\/\/tva-foundation.org\/de\/events\/esperanza-for-life-concert-a-celebration-of-life\/image-18-08-25-at-10-16\/\" data-orig-file=\"https:\/\/tva-foundation.org\/wp-content\/uploads\/2025\/08\/Image-18.08.25-at-10.16.jpeg\" data-orig-size=\"1081,490\" data-comments-opened=\"1\" data-image-meta=\"{&quot;aperture&quot;:&quot;0&quot;,&quot;credit&quot;:&quot;&quot;,&quot;camera&quot;:&quot;&quot;,&quot;caption&quot;:&quot;&quot;,&quot;created_timestamp&quot;:&quot;0&quot;,&quot;copyright&quot;:&quot;&quot;,&quot;focal_length&quot;:&quot;0&quot;,&quot;iso&quot;:&quot;0&quot;,&quot;shutter_speed&quot;:&quot;0&quot;,&quot;title&quot;:&quot;&quot;,&quot;orientation&quot;:&quot;0&quot;}\" data-image-title=\"Esperanza for Life\" data-image-description=\"\" data-image-caption=\"\" data-large-file=\"https:\/\/tva-foundation.org\/wp-content\/uploads\/2025\/08\/Image-18.08.25-at-10.16-1024x464.jpeg\" class=\"size-medium wp-image-20886 aligncenter\" src=\"https:\/\/tva-foundation.org\/wp-content\/uploads\/2025\/08\/Image-18.08.25-at-10.16-300x136.jpeg\" alt=\"TvA International Foundation\" width=\"300\" height=\"136\" srcset=\"https:\/\/tva-foundation.org\/wp-content\/uploads\/2025\/08\/Image-18.08.25-at-10.16-300x136.jpeg 300w, https:\/\/tva-foundation.org\/wp-content\/uploads\/2025\/08\/Image-18.08.25-at-10.16-1024x464.jpeg 1024w, https:\/\/tva-foundation.org\/wp-content\/uploads\/2025\/08\/Image-18.08.25-at-10.16-768x348.jpeg 768w, https:\/\/tva-foundation.org\/wp-content\/uploads\/2025\/08\/Image-18.08.25-at-10.16-18x8.jpeg 18w, https:\/\/tva-foundation.org\/wp-content\/uploads\/2025\/08\/Image-18.08.25-at-10.16-600x272.jpeg 600w, https:\/\/tva-foundation.org\/wp-content\/uploads\/2025\/08\/Image-18.08.25-at-10.16.jpeg 1081w\" sizes=\"(max-width: 300px) 100vw, 300px\" \/><\/h5><p><em><strong><span style=\"color: #d5b448;\"><span style=\"caret-color: #d5b448;\">Esperanza for Life\u2122 <\/span><\/span><\/strong><\/em>ist eine globale Plattform, auf der k\u00fcnstlerische Darbietungen, kulturelle Feiern und die Achtung vor dem Leben miteinander verschmelzen. Wir stellen uns diese Initiative als einen gemeinsamen Raum vor, in dem Kreativit\u00e4t gedeiht, die nat\u00fcrliche Welt gefeiert wird und die gr\u00f6\u00dften Bestrebungen der Menschheit f\u00fcr eine einheitlichere und mitf\u00fchlendere Welt geehrt werden.<\/p><h5>Unser h\u00f6heres Ziel<\/h5><p>Durch Musik, Tanz, bildende Kunst und das Feiern des kulturellen Erbes, <em><strong><span style=\"color: #d5b448;\"><span style=\"caret-color: #d5b448;\">Esperanza for Life\u2122 <\/span><\/span><\/strong><\/em>zielt darauf ab, zum Handeln in den Bereichen Umweltschutz, Tierschutz und Kinderrechte anzuregen. Unser Ziel ist es, das Leben zu ehren, Hoffnung zu wecken und Teilnehmer und Publikum gleicherma\u00dfen zu bef\u00e4higen, zu einer Zukunft beizutragen, die von Respekt, Frieden und Freude gepr\u00e4gt ist.<\/p><h5>Das Herz der <em>Esperanza for Life\u2122<\/em> - Die Leistung<\/h5><p>Die <strong><em><span style=\"color: #d5b448;\"><span style=\"caret-color: #d5b448;\">Esperanza for Life\u2122 <\/span><\/span><\/em><\/strong>ist eine einzigartige Verschmelzung k\u00fcnstlerischer Formen, die zu Mitgef\u00fchl, Einheit und Hoffnung inspirieren soll. Das Publikum wird eingeladen, zu erleben:<\/p><ul><li><strong>Musik und Tanz<\/strong>: K\u00fcnstler, Musiker und T\u00e4nzer aus der ganzen Welt bringen ihr Talent auf die B\u00fchne und stellen die Sch\u00f6nheit und den Rhythmus des Lebens und der Natur dar.<\/li><\/ul><ul><li><strong>Bildende Kunst und Geschichtenerz\u00e4hlen<\/strong>: Multimediales Storytelling w\u00fcrdigt die Heiligkeit aller Lebewesen und f\u00fchrt das Publikum durch die Wunder unserer gemeinsamen Welt.<\/li><\/ul><ul><li><strong>Eine universelle Sprache der Einheit<\/strong>: Indem sie K\u00fcnstler mit unterschiedlichem kulturellem Hintergrund zusammenbringt, f\u00f6rdert die Auff\u00fchrung Verst\u00e4ndnis und Freude und \u00fcberwindet Grenzen.<\/li><\/ul><h5>Resonanz - Ein universeller Lebensimpuls<\/h5><p>In allen Kulturen sind Musik, Tanz und Rhythmus der Herzschlag der Menschheit und verbinden uns mit unseren tiefsten Gef\u00fchlen - Neugier, Freude, Trauer und Staunen. Diese <strong><span style=\"color: #d5b448;\">\"life-beat\"<\/span><\/strong> hallt in jedem von uns nach und erinnert uns an unseren Platz in einer gemeinsamen Existenz. <strong><em><span style=\"color: #d5b448;\"><span style=\"caret-color: #d5b448;\">Esperanza for Life\u2122 <\/span><\/span><\/em><\/strong>wird diese Verbundenheit durch lebendige k\u00fcnstlerische Ausdrucksformen zelebriert, die zu kollektivem Handeln zum Schutz unserer Welt und ihrer Bewohner anregen.<\/p><h5><strong>Die Macht des menschlichen Talents und der Kreativit\u00e4t<\/strong><\/h5><p>Im Zeitalter der rasanten Globalisierung suchen die Menschen nach Erlebnissen, bei denen das menschliche Talent im Vordergrund steht. Diese Initiative legt den Schwerpunkt auf authentische k\u00fcnstlerische Ausdrucksformen - Musik, Bewegung, Rhythmus und Stimme -, die unser Zusammengeh\u00f6rigkeitsgef\u00fchl st\u00e4rken und unsere emotionale Verbindung zur Welt wiederbeleben.<\/p><p>Durch diese Formen, <em><strong><span style=\"color: #d5b448;\"><span style=\"caret-color: #d5b448;\">Esperanza for Life\u2122 <\/span><\/span><\/strong><\/em>f\u00e4ngt die demokratische, universelle Sprache der K\u00fcnste ein und offenbart die Sch\u00f6nheit und Kraft des menschlichen Ausdrucks.<\/p><h5>Eine Vision in drei Akten<\/h5><p><em> <strong><span style=\"color: #d5b448;\"><span style=\"caret-color: #d5b448;\">Esperanza for Life\u2122<\/span><\/span><\/strong><\/em> als eine Reise, eine dreiteilige Feier der menschlichen Kreativit\u00e4t und der wesentlichen Rhythmen des Lebens:<\/p><ol><li><strong>A<\/strong><strong>c<\/strong><strong>t<\/strong> <strong>1 - Rhythmus und Tanz<\/strong>: Dieser Akt konzentriert sich auf den Rhythmus als Grundlage des Lebens und der Einheit. Durch Tanz und Bewegung betonen wir unsere Verbundenheit untereinander und \u00fcberbr\u00fccken kulturelle und \u00f6kologische Grenzen.<\/li><\/ol><ol start=\"2\"><li><strong>A<\/strong><strong>c<\/strong><strong>t<\/strong> <strong>2 - Die Stimme<\/strong>: Hier, <strong><em><span style=\"color: #d5b448;\"><span style=\"caret-color: #d5b448;\">Esperanza for Life\u2122 <\/span><\/span><\/em><\/strong>erforscht die Kraft der menschlichen Stimme und des stimmlichen Ausdrucks und l\u00e4sst das Publikum an einer Reihe von Kl\u00e4ngen und Emotionen teilhaben, die uns \u00fcber Sprache und Geografie hinweg verbinden.\u00a0<\/li><\/ol><ol start=\"3\"><li><strong>A<\/strong><strong>c<\/strong><strong>t<\/strong> <strong>3 - Harmonie und Melodie<\/strong>: Im letzten Akt verschmelzen verschiedene Instrumente und Musikstile aus aller Welt zu einer lebendigen, harmonischen Sinfonie, die das Erbe aller Menschen und den Reichtum der Natur selbst zum Ausdruck bringt.<\/li><\/ol><h5>Chancen f\u00fcr Resonanz - Beteiligung von Unternehmen und Multimedia<\/h5><p>Die <strong><em><span style=\"color: #d5b448;\"><span style=\"caret-color: #d5b448;\">Esperanza for Life\u2122<\/span><\/span><\/em><\/strong><em>\u00a0<\/em>Bewegung bietet M\u00f6glichkeiten f\u00fcr unternehmerisches und multimediales Engagement und bietet eine Plattform, um sich mit der Vision der Initiative zu verbinden und sie durch eine Reihe von Beteiligungskan\u00e4len zu unterst\u00fctzen:<\/p><ol><li><strong>Live-Veranstaltung<\/strong>: Ein multimediales Erlebnis mit internationalen K\u00fcnstlern, das eine Reise in den Geist der Einheit bietet.<\/li><\/ol><ol start=\"2\"><li><strong>Globale Konzertreise \/ Veranstaltungen<\/strong>: Eine Konzerttournee, die dem Publikum auf der ganzen Welt Live-Auftritte beschert und die Botschaft der globalen Verbindung unterstreicht.<\/li><\/ol><ol start=\"3\"><li><strong>T<\/strong><strong>elevision<\/strong> <strong>Special<\/strong>: Eine Fernsehsendung, die die Reise und den Auftrag der <em><strong><span style=\"color: #d5b448;\"><span style=\"caret-color: #d5b448;\">Esperanza for Life\u2122<\/span><\/span><\/strong><span style=\"color: #d5b448;\"><span style=\"caret-color: #d5b448;\"><span style=\"color: #333333;\">,<\/span><\/span><\/span><\/em> Ausweitung ihrer Reichweite und Wirkung.<\/li><\/ol><ol start=\"4\"><li><strong>Interaktiver Internet-Bereich<\/strong>: Ein Online-Raum, der Informationen \u00fcber die Bewegung und ihren Auftrag, Unterhaltung durch digitale Darbietungen und interaktive Erlebnisse sowie Fernunterrichtsressourcen f\u00fcr ein weltweites Publikum bietet.<\/li><\/ol><ol start=\"5\"><li><strong>P\u00e4dagogische Ressourcen<\/strong>: Eine umfangreiche Sammlung von Ressourcen, darunter B\u00fccher mit inspirierenden Fotos von Live-Auftritten, die Farben, Texturen, Instrumente und Ausdrucksformen von Freude und Einheit dokumentieren. Diese Ressourcen fangen den Geist der <strong><em><span style=\"color: #d5b448;\"><span style=\"caret-color: #d5b448;\">Esperanza for Life\u2122 <\/span><\/span><\/em><\/strong>und bieten Schulen und Universit\u00e4ten Zugang zu dieser inspirierenden Bewegung.<\/li><\/ol><ol start=\"6\"><li><strong>Erweitertes<\/strong> <strong>DVD<\/strong> <strong>und<\/strong> <strong>Datensatz<\/strong> <strong>A<\/strong><strong>lbum<\/strong>: Eine DVD mit einem interaktiven Erlebnis und einem begleitenden Album, das es den Anh\u00e4ngern erm\u00f6glicht, die Botschaft des Projekts zu wiederholen und weiterzugeben <strong><em><span style=\"color: #d5b448;\"><span style=\"caret-color: #d5b448;\">Esperanza for Life\u2122<\/span><\/span><\/em><\/strong><span style=\"color: #333333;\"><em><span style=\"caret-color: #d5b448;\">.<\/span><\/em><\/span><\/li><\/ol><h5>Bewusstseinsbildung und Finanzierung f\u00fcr einen positiven Wandel<\/h5><p>Unser Ziel ist es, die Kraft des k\u00fcnstlerischen Ausdrucks zu nutzen, um das Bewusstsein f\u00fcr unsere Ziele zu sch\u00e4rfen und Geldmittel f\u00fcr diese zu sammeln:<\/p><ul><li><strong>Child<\/strong><strong>r<\/strong><strong>und...<\/strong> <strong>W<\/strong><strong>elfa<\/strong><strong>r<\/strong><strong>e<\/strong>: Bereitstellung von Ressourcen und Unterst\u00fctzung f\u00fcr Kinder in Not, damit sie die Betreuung, den Schutz und die Chancen erhalten, die sie verdienen.<\/li><\/ul><ul><li><strong>Ani<\/strong><strong>imal<\/strong> <strong>a<\/strong><strong>n<\/strong><strong>d<\/strong> <strong>E<\/strong><strong>nviron<\/strong><strong>ich<\/strong><strong>nta<\/strong><strong>l<\/strong> <strong>Co<\/strong><strong>n<\/strong><strong>se<\/strong><strong>rv<\/strong><strong>a<\/strong><strong>tion<\/strong>: Unterst\u00fctzung von Tierheimen und Schutzprogrammen zur Erhaltung der \u00d6kosysteme und der Artenvielfalt unseres Planeten.<\/li><\/ul><ul><li><strong>Community Empowerment<\/strong>: Wir arbeiten daran, Gemeinschaften, die von sozialen und \u00f6kologischen Herausforderungen betroffen sind, mit nachhaltigen L\u00f6sungen und mitf\u00fchlender Betreuung zu unterst\u00fctzen.<\/li><\/ul><h5><strong>Finanz- und Fundraising-Strategie<\/strong><\/h5><p>Gew\u00e4hrleistung langfristiger Wirkung und Nachhaltigkeit, <strong><em><span style=\"color: #d5b448;\"><span style=\"caret-color: #d5b448;\">Esperanza for Life\u2122 <\/span><\/span><\/em><\/strong>wird Unterst\u00fctzung durch:<\/p><ul><li><strong>Ticketverkauf und Merchandise<\/strong>: Spezielle Ticketoptionen, limitierte Kunstwerke und exklusive Merchandising-Artikel werden f\u00fcr Teilnehmer und Unterst\u00fctzer erh\u00e4ltlich sein.<\/li><\/ul><ul><li><strong>Co<\/strong><strong>r<\/strong><strong>po<\/strong><strong>r<\/strong><strong>a\u00df<\/strong> <strong>und<\/strong> <strong>Einzelne<\/strong> <strong>Patenschaften<\/strong>: Sponsoring mit verschiedenen Anerkennungsstufen erm\u00f6glicht es den Sponsoren, einen sichtbaren Beitrag zu einer Bewegung zu leisten, die mit ihren Werten \u00fcbereinstimmt.<\/li><\/ul><ul><li><strong>Online<\/strong> <strong>A<\/strong><strong>uction<\/strong> <strong>Veranstaltungen<\/strong>: Mit einzigartigen Online- und Offline-Auktionsobjekten k\u00f6nnen Einzelpersonen unseren Auftrag unterst\u00fctzen.<\/li><\/ul><h5>Bildungsprogramme und Ressourcenzentren<\/h5><p>Die Initiative wird \u00fcber die Auff\u00fchrungen hinausgehen und das ganze Jahr \u00fcber Bildungsm\u00f6glichkeiten bieten:<\/p><ul><li><strong>Lernen durch Sch\u00f6pfung<\/strong>: In den Workshops f\u00fcr Kinder geht es um Musik, Tanz und Kunst, um die Wiederherstellung des kindlichen Staunens und die F\u00f6rderung neuer F\u00e4higkeiten in einem positiven, fr\u00f6hlichen Umfeld.<\/li><\/ul><ul><li><strong>A<\/strong><strong>rtis<\/strong><strong>t<\/strong> <strong>Wohnsitze<\/strong> <strong>und<\/strong> <strong>Kollaborationen<\/strong>: K\u00fcnstler aus aller Welt werden zusammenarbeiten, um ein wachsendes Kunstwerk zu schaffen, das globale Harmonie und Verst\u00e4ndigung widerspiegelt und f\u00f6rdert.<\/li><\/ul><h5>Ein Erbe des Mitgef\u00fchls und der Kreativit\u00e4t aufbauen<\/h5><p>Die <strong><em><span style=\"color: #d5b448;\"><span style=\"caret-color: #d5b448;\">Esperanza for Life\u2122 <\/span><\/span><\/em><\/strong>Bewegung strebt danach, ein Verm\u00e4chtnis des Mitgef\u00fchls, der Kreativit\u00e4t und der Einheit zu schaffen:<\/p><ul><li><strong>Empo<\/strong><strong>w<\/strong><strong>e<\/strong><strong>r<\/strong><strong>ing<\/strong> <strong>von Zukunfts<\/strong> <strong>Generationen<\/strong>: Kinder dazu inspirieren, die Natur zu ehren, das Leben zu sch\u00fctzen und die Harmonie in ihren Gemeinschaften zu f\u00f6rdern.<\/li><\/ul><ul><li><strong>Ein Modell f\u00fcr k\u00fcnstlerische Philanthropie<\/strong>: Entwurf eines Konzepts f\u00fcr k\u00fcnftige Stiftungen und Bewegungen zur F\u00f6rderung von Mitgef\u00fchl und globaler Verbundenheit.<\/li><\/ul><ul><li><strong>Ein lebendiges Archiv der Kunst und der Menschlichkeit<\/strong>: Eine digitale Bibliothek mit kreativen Werken, die die Werte und den Auftrag der Bewegung verk\u00f6rpern und f\u00fcr alle zug\u00e4nglich sind.<\/li><\/ul><h5>Ein Verm\u00e4chtnis der Freude und des Mitgef\u00fchls schaffen<\/h5><p style=\"font-weight: 400;\">Mehr als ein k\u00fcnstlerisches Fest, <em><strong><span style=\"color: #d5b448;\"><span style=\"caret-color: #d5b448;\">Esperanza for Life\u2122 <\/span><\/span><\/strong><\/em>hat sich zum Ziel gesetzt, eine dauerhafte Bildungs- und Kulturressource zu sein. Durch Multimedia-Angebote - Dokumentarfilme, B\u00fccher, Alben und mehr - schafft die Bewegung ein globales Archiv der Kreativit\u00e4t und Widerstandsf\u00e4higkeit. Die Initiative f\u00f6rdert ein Verm\u00e4chtnis der lebensbejahenden Freude, ein Modell f\u00fcr k\u00fcnftige Generationen, um unsere gemeinsame Welt zu sch\u00e4tzen und zu sch\u00fctzen.<\/p><h5>Einladung zur Teilnahme<\/h5><p style=\"font-weight: 400;\">In einer Welt, die sich oft fragmentiert anf\u00fchlt, <em><strong><span style=\"color: #d5b448;\"><span style=\"caret-color: #d5b448;\">Esperanza for Life\u2122 <\/span><\/span><\/strong><\/em>ruft alle, die Einheit, Leben und Sch\u00f6nheit sch\u00e4tzen, zum Handeln auf. Durch lebendige Darbietungen und kollektive Unterst\u00fctzung k\u00f6nnen wir uns wieder mit dem verbinden, was uns zu Menschen macht - unsere Gemeinschaften bereichern, aufbauen und erheben und eine Zukunft sichern, in der Respekt, Freude und Mitgef\u00fchl unseren gemeinsamen Weg bestimmen.<\/p><h5>Feiern Sie mit uns das Leben<\/h5><p style=\"font-weight: 400;\"><strong><em><span style=\"color: #d5b448;\"><span style=\"caret-color: #d5b448;\">Esperanza for Life\u2122 <\/span><\/span><\/em><\/strong>ist eine Bewegung, die das Leben ehrt und eine Welt des Verst\u00e4ndnisses, der Liebe und der Kreativit\u00e4t f\u00f6rdert. Helfen Sie uns, ein Verm\u00e4chtnis der Hoffnung und Einheit zu schaffen, in dem jede Form von Leben respektiert wird, jedes Kind die Chance hat zu tr\u00e4umen und jede Gemeinschaft gemeinsam f\u00fcr eine bessere Zukunft arbeitet.<\/p><h6><span style=\"color: #d5b448;\"><strong>\"In einer Vision sahen wir einen Weg, um in Harmonie zusammenzuleben, und unsere Herzen waren voller Hoffnung.<\/strong><\/span><\/h6><h6 style=\"font-weight: 400;\"><strong>Das endg\u00fcltige Ziel der TvA International Foundation ist es:<\/strong><\/h6><ol><li><strong>Ignite Global Impact: <\/strong>Die Theodora von Auersperg (TvA) International Foundation soll eine f\u00fchrende Rolle bei der Zusammenf\u00fchrung von Philanthropie und Kunst spielen und die Kraft von Kreativit\u00e4t und Zusammenarbeit zur Bew\u00e4ltigung kritischer globaler Herausforderungen demonstrieren.<\/li><li><strong>Kollektives Handeln anregen: <\/strong>Mobilisierung von Einzelpersonen, Unternehmen und Institutionen, die sich f\u00fcr die Ziele der Stiftung einsetzen.<strong>Naturschutz, Tierschutz und Kinderhilfe<\/strong>-und gleichzeitig ein kulturelles und philanthropisches Verm\u00e4chtnis in jeder Gastgeberstadt zu schaffen.<\/li><li><strong>Aufbau eines nachhaltigen Netzwerks: <\/strong>Aufbau eines starken, dauerhaften Netzwerks von Unterst\u00fctzern, Sponsoren und Kooperationspartnern, die den Auftrag der Stiftung sowohl lokal als auch global weiter vorantreiben und als Vorbild f\u00fcr k\u00fcnftige Gipfeltreffen dienen werden.<\/li><li><strong>Feiern Sie die Vielfalt und das Leben: <\/strong>Nutzung der K\u00fcnste als universelle Sprache, um das Leben zu feiern, das kulturelle Erbe zu w\u00fcrdigen und Einheit und Verst\u00e4ndnis zu f\u00f6rdern, mit dem H\u00f6hepunkt der ikonischen\u00a0<strong>Esperanza for Life\u2122 - Multimedia-Konzert\".<\/strong><\/li><li><strong>Erzielen Sie greifbare Ergebnisse: <\/strong>Der Reinerl\u00f6s der Veranstaltung flie\u00dft in wirkungsvolle Initiativen im jeweiligen Gastland, wie z. B. in die Entwicklung eines hochmodernen Tierheims und einer Tierklinik sowie in Programme, die das Wohlergehen von Kindern und der Umwelt f\u00f6rdern.<\/li><\/ol><p style=\"font-weight: 400;\">Durch das Erreichen dieser Ziele werden die <strong>Esperanza for Life\u2122<\/strong> Events weltweit einen Pr\u00e4zedenzfall schaffen und die <strong>TvA International Foundation als globale Kraft f\u00fcr sinnvolle Ver\u00e4nderungen positionieren.<\/strong><\/p><h6 class=\"elementor-heading-title elementor-size-default\" style=\"text-align: center;\"><a href=\"https:\/\/donorbox.org\/esperanza-for-life-membership\" target=\"_blank\" rel=\"noopener\"><span style=\"color: #d5b448;\">Werden Sie Mitglied der internationalen Gemeinschaft \"Esperanza for Life\"! - Werden Sie Mitglied. Wirken Sie mit. Feiern Sie das Leben.<\/span><\/a><\/h6>\t\t\t\t\t\t\t\t<\/div>\n\t\t\t\t<\/div>\n\t\t\t\t\t<\/div>\n\t\t\t\t<\/div>\n\t\t<div class=\"elementor-element elementor-element-6da4978 e-flex e-con-boxed e-con e-parent\" data-id=\"6da4978\" data-element_type=\"container\" data-e-type=\"container\">\n\t\t\t\t\t<div class=\"e-con-inner\">\n\t\t\t\t<div class=\"elementor-element elementor-element-dded053 elementor-widget elementor-widget-spacer\" data-id=\"dded053\" data-element_type=\"widget\" data-e-type=\"widget\" data-widget_type=\"spacer.default\">\n\t\t\t\t<div class=\"elementor-widget-container\">\n\t\t\t\t\t\t\t<div class=\"elementor-spacer\">\n\t\t\t<div class=\"elementor-spacer-inner\"><\/div>\n\t\t<\/div>\n\t\t\t\t\t\t<\/div>\n\t\t\t\t<\/div>\n\t\t\t\t\t<\/div>\n\t\t\t\t<\/div>\n\t\t<div class=\"elementor-element elementor-element-9992888 e-flex e-con-boxed e-con e-parent\" data-id=\"9992888\" data-element_type=\"container\" data-e-type=\"container\">\n\t\t\t\t\t<div class=\"e-con-inner\">\n\t\t<div class=\"elementor-element elementor-element-e1059b2 e-con-full e-flex e-con e-child\" data-id=\"e1059b2\" data-element_type=\"container\" data-e-type=\"container\">\n\t\t\t\t<div class=\"elementor-element elementor-element-cd4a404 elementor-widget elementor-widget-helpo_button\" data-id=\"cd4a404\" data-element_type=\"widget\" data-e-type=\"widget\" data-widget_type=\"helpo_button.default\">\n\t\t\t\t<div class=\"elementor-widget-container\">\n\t\t\t\t\t\n        <div class=\"helpo_button_widget\">\n            <div class=\"helpo_button_container\">\n                <a class=\"helpo_button helpo_button--primary\" href=\"https:\/\/tva-foundation.org\/de\/esperanza-for-life-center-bulgaria\/\" target=\"_blank\">ZENTRUM \"ESPERANZA FOR LIFE\"<\/a>\n            <\/div>\n        <\/div>\n        \t\t\t\t<\/div>\n\t\t\t\t<\/div>\n\t\t\t\t<\/div>\n\t\t<div class=\"elementor-element elementor-element-8b19ae7 e-con-full e-flex e-con e-child\" data-id=\"8b19ae7\" data-element_type=\"container\" data-e-type=\"container\">\n\t\t\t\t<div class=\"elementor-element elementor-element-ae22d39 elementor-widget elementor-widget-helpo_button\" data-id=\"ae22d39\" data-element_type=\"widget\" data-e-type=\"widget\" data-widget_type=\"helpo_button.default\">\n\t\t\t\t<div class=\"elementor-widget-container\">\n\t\t\t\t\t\n        <div class=\"helpo_button_widget\">\n            <div class=\"helpo_button_container\">\n                <a class=\"helpo_button helpo_button--primary\" href=\"https:\/\/tva-foundation.org\/de\/mission\/\" target=\"_blank\">MEHR \u00dcBER UNSEREN AUFTRAG<\/a>\n            <\/div>\n        <\/div>\n        \t\t\t\t<\/div>\n\t\t\t\t<\/div>\n\t\t\t\t<\/div>\n\t\t\t\t\t<\/div>\n\t\t\t\t<\/div>\n\t\t\t\t<\/div>","protected":false},"excerpt":{"rendered":"<p>MANIFESTO\u00a0 The Philosophy Behind Our Mission &#8211; Philanthropy in A New Era: Esperanza for Life\u2122\u00a0&#8211; A\u00a0Global Movement Our Vision for: Celebrating Life\u00a0&amp; Contributing to a Better World &#8211; Moving Hearts &amp; Minds and Raising Consciousness. Introduction In a world driven by technology and rapid change, humanity faces the risk of losing its connection to essential [&hellip;]<\/p>\n","protected":false},"author":38320787,"featured_media":15362,"parent":0,"menu_order":0,"comment_status":"closed","ping_status":"closed","template":"","meta":{"footnotes":""},"class_list":["post-14714","page","type-page","status-publish","has-post-thumbnail","hentry"],"jetpack_likes_enabled":true,"jetpack_sharing_enabled":true,"jetpack_shortlink":"https:\/\/wp.me\/Pf58jH-3Pk","jetpack-related-posts":[],"_links":{"self":[{"href":"https:\/\/tva-foundation.org\/de\/wp-json\/wp\/v2\/pages\/14714","targetHints":{"allow":["GET"]}}],"collection":[{"href":"https:\/\/tva-foundation.org\/de\/wp-json\/wp\/v2\/pages"}],"about":[{"href":"https:\/\/tva-foundation.org\/de\/wp-json\/wp\/v2\/types\/page"}],"author":[{"embeddable":true,"href":"https:\/\/tva-foundation.org\/de\/wp-json\/wp\/v2\/users\/38320787"}],"replies":[{"embeddable":true,"href":"https:\/\/tva-foundation.org\/de\/wp-json\/wp\/v2\/comments?post=14714"}],"version-history":[{"count":100,"href":"https:\/\/tva-foundation.org\/de\/wp-json\/wp\/v2\/pages\/14714\/revisions"}],"predecessor-version":[{"id":23238,"href":"https:\/\/tva-foundation.org\/de\/wp-json\/wp\/v2\/pages\/14714\/revisions\/23238"}],"wp:featuredmedia":[{"embeddable":true,"href":"https:\/\/tva-foundation.org\/de\/wp-json\/wp\/v2\/media\/15362"}],"wp:attachment":[{"href":"https:\/\/tva-foundation.org\/de\/wp-json\/wp\/v2\/media?parent=14714"}],"curies":[{"name":"wp","href":"https:\/\/api.w.org\/{rel}","templated":true}]}}