{"id":14714,"date":"2024-11-03T11:25:12","date_gmt":"2024-11-03T10:25:12","guid":{"rendered":"https:\/\/tva-foundation.org\/?page_id=14714"},"modified":"2026-03-12T23:04:01","modified_gmt":"2026-03-12T22:04:01","slug":"esperanza-for-life","status":"publish","type":"page","link":"https:\/\/tva-foundation.org\/es\/esperanza-for-life\/","title":{"rendered":"Esperanza for Life\u2122 - Un movimiento mundial"},"content":{"rendered":"<div data-elementor-type=\"wp-page\" data-elementor-id=\"14714\" class=\"elementor elementor-14714\" data-elementor-post-type=\"page\">\n\t\t\t\t<div class=\"elementor-element elementor-element-0b4002a e-flex e-con-boxed e-con e-parent\" data-id=\"0b4002a\" data-element_type=\"container\" data-e-type=\"container\">\n\t\t\t\t\t<div class=\"e-con-inner\">\n\t\t\t\t<div class=\"elementor-element elementor-element-7cdd0e5 elementor-widget elementor-widget-helpo_button\" data-id=\"7cdd0e5\" data-element_type=\"widget\" data-e-type=\"widget\" data-widget_type=\"helpo_button.default\">\n\t\t\t\t<div class=\"elementor-widget-container\">\n\t\t\t\t\t\n        <div class=\"helpo_button_widget\">\n            <div class=\"helpo_button_container\">\n                <a class=\"helpo_button helpo_button--primary\" href=\"https:\/\/youtu.be\/ABfxhjmq5eo?si=s3AX4ui_ZYXp5TVn\" target=\"_blank\" rel=\"noopener\">VEA NUESTRO PRIMER EVENTO \"ESPERANZA FOR LIFE\"<\/a>\n            <\/div>\n        <\/div>\n        \t\t\t\t<\/div>\n\t\t\t\t<\/div>\n\t\t\t\t\t<\/div>\n\t\t\t\t<\/div>\n\t\t<div class=\"elementor-element elementor-element-bed3980 e-flex e-con-boxed e-con e-parent\" data-id=\"bed3980\" data-element_type=\"container\" data-e-type=\"container\">\n\t\t\t\t\t<div class=\"e-con-inner\">\n\t\t\t\t<div class=\"elementor-element elementor-element-53ceb27 elementor-widget elementor-widget-spacer\" data-id=\"53ceb27\" data-element_type=\"widget\" data-e-type=\"widget\" data-widget_type=\"spacer.default\">\n\t\t\t\t<div class=\"elementor-widget-container\">\n\t\t\t\t\t\t\t<div class=\"elementor-spacer\">\n\t\t\t<div class=\"elementor-spacer-inner\"><\/div>\n\t\t<\/div>\n\t\t\t\t\t\t<\/div>\n\t\t\t\t<\/div>\n\t\t\t\t\t<\/div>\n\t\t\t\t<\/div>\n\t\t<div class=\"elementor-element elementor-element-8ad7131 e-flex e-con-boxed e-con e-parent\" data-id=\"8ad7131\" data-element_type=\"container\" data-e-type=\"container\">\n\t\t\t\t\t<div class=\"e-con-inner\">\n\t\t\t\t<div class=\"elementor-element elementor-element-84beb86 elementor-widget elementor-widget-text-editor\" data-id=\"84beb86\" data-element_type=\"widget\" data-e-type=\"widget\" data-widget_type=\"text-editor.default\">\n\t\t\t\t<div class=\"elementor-widget-container\">\n\t\t\t\t\t\t\t\t\t<h5 style=\"text-align: center;\"><span style=\"color: #d5b448;\"><img data-attachment-id=\"22229\" data-permalink=\"https:\/\/tva-foundation.org\/es\/logo_efl_tva_horizontal_gold_1000\/\" data-orig-file=\"https:\/\/tva-foundation.org\/wp-content\/uploads\/2025\/12\/Logo_EFL_TVA_horizontal_GOLD_1000.png\" data-orig-size=\"1001,378\" data-comments-opened=\"1\" data-image-meta=\"{&quot;aperture&quot;:&quot;0&quot;,&quot;credit&quot;:&quot;&quot;,&quot;camera&quot;:&quot;&quot;,&quot;caption&quot;:&quot;&quot;,&quot;created_timestamp&quot;:&quot;0&quot;,&quot;copyright&quot;:&quot;&quot;,&quot;focal_length&quot;:&quot;0&quot;,&quot;iso&quot;:&quot;0&quot;,&quot;shutter_speed&quot;:&quot;0&quot;,&quot;title&quot;:&quot;&quot;,&quot;orientation&quot;:&quot;0&quot;}\" data-image-title=\"Esperanza for Life\" data-image-description=\"\" data-image-caption=\"\" data-large-file=\"https:\/\/tva-foundation.org\/wp-content\/uploads\/2025\/12\/Logo_EFL_TVA_horizontal_GOLD_1000.png\" class=\"size-medium wp-image-22229 aligncenter\" src=\"https:\/\/tva-foundation.org\/wp-content\/uploads\/2025\/12\/Logo_EFL_TVA_horizontal_GOLD_1000-300x113.png\" alt=\"TvA International Foundation\" width=\"300\" height=\"113\" srcset=\"https:\/\/tva-foundation.org\/wp-content\/uploads\/2025\/12\/Logo_EFL_TVA_horizontal_GOLD_1000-300x113.png 300w, https:\/\/tva-foundation.org\/wp-content\/uploads\/2025\/12\/Logo_EFL_TVA_horizontal_GOLD_1000-768x290.png 768w, https:\/\/tva-foundation.org\/wp-content\/uploads\/2025\/12\/Logo_EFL_TVA_horizontal_GOLD_1000-18x7.png 18w, https:\/\/tva-foundation.org\/wp-content\/uploads\/2025\/12\/Logo_EFL_TVA_horizontal_GOLD_1000-600x227.png 600w, https:\/\/tva-foundation.org\/wp-content\/uploads\/2025\/12\/Logo_EFL_TVA_horizontal_GOLD_1000.png 1001w\" sizes=\"(max-width: 300px) 100vw, 300px\" \/>MANIFIESTO<\/span>\u00a0<\/h5><h5 style=\"text-align: center;\"><span style=\"color: #333333;\">La filosof\u00eda de nuestra misi\u00f3n - <\/span><span style=\"color: #d5b448;\"><strong><span style=\"color: #333333;\">La filantrop\u00eda en una nueva era: <\/span><\/strong><\/span><\/h5><h5 style=\"text-align: center;\"><span style=\"color: #d5b448;\"><strong><em>Esperanza for Life\u2122<\/em>\u00a0- <\/strong><\/span><span style=\"color: #d5b448;\"><strong>A\u00a0<\/strong><\/span><span style=\"color: #d5b448;\"><span style=\"caret-color: #d5b448;\">Global Movement <\/span><\/span><\/h5><h5 style=\"text-align: center;\"><strong><span style=\"color: #d5b448;\"><span style=\"color: #333333;\"><span style=\"caret-color: #d5b448;\">Nuestra<\/span> Visi\u00f3n para:<\/span> <em>Celebrar la vida y contribuir<\/em> <em>por un mundo mejor<\/em> - <\/span><\/strong><em><strong><span style=\"color: #d5b448;\">Mover corazones y mentes y despertar conciencias.<\/span><\/strong><\/em><\/h5><h5 style=\"text-align: center;\"><em><strong><span style=\"color: #d5b448;\"><img fetchpriority=\"high\" data-attachment-id=\"20427\" data-permalink=\"https:\/\/tva-foundation.org\/es\/da288e7d-1706-4ffa-bf5a-d201a865356c\/\" data-orig-file=\"https:\/\/tva-foundation.org\/wp-content\/uploads\/2025\/07\/DA288E7D-1706-4FFA-BF5A-D201A865356C.jpeg\" data-orig-size=\"1536,1024\" data-comments-opened=\"1\" data-image-meta=\"{&quot;aperture&quot;:&quot;0&quot;,&quot;credit&quot;:&quot;&quot;,&quot;camera&quot;:&quot;&quot;,&quot;caption&quot;:&quot;&quot;,&quot;created_timestamp&quot;:&quot;0&quot;,&quot;copyright&quot;:&quot;&quot;,&quot;focal_length&quot;:&quot;0&quot;,&quot;iso&quot;:&quot;0&quot;,&quot;shutter_speed&quot;:&quot;0&quot;,&quot;title&quot;:&quot;&quot;,&quot;orientation&quot;:&quot;1&quot;}\" data-image-title=\"Regard, Respect &amp;#038; Protect\" data-image-description=\"\" data-image-caption=\"\" data-large-file=\"https:\/\/tva-foundation.org\/wp-content\/uploads\/2025\/07\/DA288E7D-1706-4FFA-BF5A-D201A865356C-1024x683.jpeg\" class=\"size-medium wp-image-20427 aligncenter\" src=\"https:\/\/tva-foundation.org\/wp-content\/uploads\/2025\/07\/DA288E7D-1706-4FFA-BF5A-D201A865356C-300x200.jpeg\" alt=\"TvA International Foundation\" width=\"300\" height=\"200\" srcset=\"https:\/\/tva-foundation.org\/wp-content\/uploads\/2025\/07\/DA288E7D-1706-4FFA-BF5A-D201A865356C-300x200.jpeg 300w, https:\/\/tva-foundation.org\/wp-content\/uploads\/2025\/07\/DA288E7D-1706-4FFA-BF5A-D201A865356C-1024x683.jpeg 1024w, https:\/\/tva-foundation.org\/wp-content\/uploads\/2025\/07\/DA288E7D-1706-4FFA-BF5A-D201A865356C-768x512.jpeg 768w, https:\/\/tva-foundation.org\/wp-content\/uploads\/2025\/07\/DA288E7D-1706-4FFA-BF5A-D201A865356C-18x12.jpeg 18w, https:\/\/tva-foundation.org\/wp-content\/uploads\/2025\/07\/DA288E7D-1706-4FFA-BF5A-D201A865356C-600x400.jpeg 600w, https:\/\/tva-foundation.org\/wp-content\/uploads\/2025\/07\/DA288E7D-1706-4FFA-BF5A-D201A865356C.jpeg 1536w\" sizes=\"(max-width: 300px) 100vw, 300px\" \/><\/span><\/strong><\/em><\/h5><h5><strong>Introducci\u00f3n<\/strong><strong>duc<\/strong><strong>tion<\/strong><\/h5><p>En un mundo impulsado por la tecnolog\u00eda y el cambio acelerado, la humanidad corre el riesgo de perder su conexi\u00f3n con los valores esenciales: el conocimiento de uno mismo, la conexi\u00f3n emocional y el respeto por la vida.<\/p><p><strong><em><span style=\"color: #d5b448;\"><span style=\"caret-color: #d5b448;\">Esperanza for Life\u2122<\/span><\/span><\/em><\/strong><span style=\"color: #333333;\"><em><span style=\"caret-color: #d5b448;\">,<\/span><\/em><\/span> el movimiento mundial ideado e impulsado por la Fundaci\u00f3n Internacional Theodora von Auersperg (TvA), pretende preservar y alimentar estas conexiones, aprovechando el lenguaje universal de las artes para celebrar la vida, proteger la naturaleza e inspirar a las generaciones futuras.<\/p><p><strong><em><span style=\"color: #d5b448;\"><span style=\"caret-color: #d5b448;\">Esperanza for Life\u2122 <\/span><\/span><\/em><\/strong>es una iniciativa de la Fundaci\u00f3n TvA International dedicada a crear un mundo que celebre y proteja la interconexi\u00f3n de todas las formas de vida. Arraigado en la compasi\u00f3n, la creatividad y la reverencia, este movimiento encarna nuestro compromiso con el respeto a la naturaleza, la preservaci\u00f3n de las vidas vulnerables y el cuidado de las generaciones futuras. A trav\u00e9s de esta iniciativa, pretendemos unir a la humanidad en una celebraci\u00f3n global de la vida, el arte y la naturaleza.<\/p><h5>Nuestras convicciones<\/h5><div class=\"x11i5rnm xat24cr x1mh8g0r x1vvkbs xtlvy1s x126k92a\"><div dir=\"auto\">En la Fundaci\u00f3n TvA International nos apasiona algo m\u00e1s que apoyar nuestras causas: somos orgullosos embajadores de las artes y la cultura. Juntos, nos proponemos celebrar y preservar el legado intemporal de la m\u00fasica y el arte, fomentando la creatividad, la inspiraci\u00f3n y la unidad m\u00e1s all\u00e1 de las fronteras.<\/div><div dir=\"auto\">\u00a0<\/div><div dir=\"auto\">Sentar un precedente para el futuro <strong>Esperanza for Life\u2122<\/strong>\u00a0en todo el mundo, tienen como objetivo posicionar el \"<strong>La Fundaci\u00f3n TvA International como fuerza global para un cambio significativo\".<\/strong>.<\/div><\/div><div class=\"x11i5rnm xat24cr x1mh8g0r x1vvkbs xtlvy1s x126k92a\"><div dir=\"auto\">\u00a0<\/div><\/div><p>En <strong><em><span style=\"color: #d5b448;\"><span style=\"caret-color: #d5b448;\">Esperanza for Life\u2122<\/span><\/span><\/em><\/strong>\u00a0se basa en creencias fundamentales que gu\u00edan nuestro trabajo:<\/p><ul><li><strong>T<\/strong><strong>he<\/strong> <strong>Tr<\/strong><strong>ansfo<\/strong><strong>r<\/strong><strong>mativo<\/strong> <strong>Po<\/strong><strong>w<\/strong><strong>e<\/strong><strong>r<\/strong> <strong>de <\/strong><strong>Arte<\/strong>: El lenguaje universal del arte une a las personas, trasciende fronteras y tiende puentes entre culturas con empat\u00eda, unidad y alegr\u00eda.<\/li><\/ul><ul><li><strong>T<\/strong><strong>he<\/strong> <strong>Protecci\u00f3n<\/strong> <strong>de<\/strong><strong> La naturaleza y sus criaturas<\/strong>: Un mundo natural sano es esencial para el bienestar y la supervivencia de las generaciones futuras, y exige nuestro cuidado y administraci\u00f3n activos.<\/li><\/ul><ul><li><strong>T<\/strong><strong>he<\/strong> <strong>Derecha<\/strong><strong>t<\/strong> <strong>a la infancia y la inocencia<\/strong>: Todos los ni\u00f1os merecen un mundo que fomente la esperanza, los sue\u00f1os y la seguridad, donde su potencial pueda florecer en armon\u00eda con la naturaleza.<\/li><\/ul><h5>Nuestra visi\u00f3n<img data-attachment-id=\"20886\" data-permalink=\"https:\/\/tva-foundation.org\/es\/events\/esperanza-for-life-concert-a-celebration-of-life\/image-18-08-25-at-10-16\/\" data-orig-file=\"https:\/\/tva-foundation.org\/wp-content\/uploads\/2025\/08\/Image-18.08.25-at-10.16.jpeg\" data-orig-size=\"1081,490\" data-comments-opened=\"1\" data-image-meta=\"{&quot;aperture&quot;:&quot;0&quot;,&quot;credit&quot;:&quot;&quot;,&quot;camera&quot;:&quot;&quot;,&quot;caption&quot;:&quot;&quot;,&quot;created_timestamp&quot;:&quot;0&quot;,&quot;copyright&quot;:&quot;&quot;,&quot;focal_length&quot;:&quot;0&quot;,&quot;iso&quot;:&quot;0&quot;,&quot;shutter_speed&quot;:&quot;0&quot;,&quot;title&quot;:&quot;&quot;,&quot;orientation&quot;:&quot;0&quot;}\" data-image-title=\"Esperanza for Life\" data-image-description=\"\" data-image-caption=\"\" data-large-file=\"https:\/\/tva-foundation.org\/wp-content\/uploads\/2025\/08\/Image-18.08.25-at-10.16-1024x464.jpeg\" class=\"size-medium wp-image-20886 aligncenter\" src=\"https:\/\/tva-foundation.org\/wp-content\/uploads\/2025\/08\/Image-18.08.25-at-10.16-300x136.jpeg\" alt=\"TvA International Foundation\" width=\"300\" height=\"136\" srcset=\"https:\/\/tva-foundation.org\/wp-content\/uploads\/2025\/08\/Image-18.08.25-at-10.16-300x136.jpeg 300w, https:\/\/tva-foundation.org\/wp-content\/uploads\/2025\/08\/Image-18.08.25-at-10.16-1024x464.jpeg 1024w, https:\/\/tva-foundation.org\/wp-content\/uploads\/2025\/08\/Image-18.08.25-at-10.16-768x348.jpeg 768w, https:\/\/tva-foundation.org\/wp-content\/uploads\/2025\/08\/Image-18.08.25-at-10.16-18x8.jpeg 18w, https:\/\/tva-foundation.org\/wp-content\/uploads\/2025\/08\/Image-18.08.25-at-10.16-600x272.jpeg 600w, https:\/\/tva-foundation.org\/wp-content\/uploads\/2025\/08\/Image-18.08.25-at-10.16.jpeg 1081w\" sizes=\"(max-width: 300px) 100vw, 300px\" \/><\/h5><p><em><strong><span style=\"color: #d5b448;\"><span style=\"caret-color: #d5b448;\">Esperanza for Life\u2122 <\/span><\/span><\/strong><\/em>es una plataforma global donde se fusionan la representaci\u00f3n art\u00edstica, la celebraci\u00f3n cultural y el respeto por la vida. Concebimos esta iniciativa como un espacio compartido donde florezca la creatividad, se celebre el mundo natural y se honren las mayores aspiraciones de la humanidad por un mundo m\u00e1s unificado y compasivo.<\/p><h5>Nuestro objetivo superior<\/h5><p>A trav\u00e9s de la m\u00fasica, la danza, las artes visuales y la celebraci\u00f3n del patrimonio cultural, <em><strong><span style=\"color: #d5b448;\"><span style=\"caret-color: #d5b448;\">Esperanza for Life\u2122 <\/span><\/span><\/strong><\/em>pretende inspirar la acci\u00f3n en favor de la preservaci\u00f3n del medio ambiente, el bienestar de los animales y los derechos de los ni\u00f1os. Nuestra misi\u00f3n es honrar la vida, infundir esperanza y capacitar tanto a los participantes como al p\u00fablico para contribuir a un futuro marcado por el respeto, la paz y la alegr\u00eda.<\/p><h5>El coraz\u00f3n de <em>Esperanza for Life\u2122<\/em> - Rendimiento<\/h5><p>En <strong><em><span style=\"color: #d5b448;\"><span style=\"caret-color: #d5b448;\">Esperanza for Life\u2122 <\/span><\/span><\/em><\/strong>es una fusi\u00f3n \u00fanica de formas art\u00edsticas concebida para inspirar compasi\u00f3n, unidad y esperanza. Se invitar\u00e1 al p\u00fablico a experimentar:<\/p><ul><li><strong>M\u00fasica y danza<\/strong>: Artistas, m\u00fasicos y bailarines de todo el mundo llevan su talento al escenario, representando la belleza y el ritmo de la vida y la naturaleza.<\/li><\/ul><ul><li><strong>Arte visual y narraci\u00f3n<\/strong>: La narraci\u00f3n multimedia rinde homenaje a la santidad de todos los seres vivos, guiando al p\u00fablico a trav\u00e9s de las maravillas de nuestro mundo com\u00fan.<\/li><\/ul><ul><li><strong>Un lenguaje universal de unidad<\/strong>: Al reunir a artistas de diversos or\u00edgenes culturales, el espect\u00e1culo fomenta el entendimiento y la alegr\u00eda, trascendiendo fronteras y l\u00edmites.<\/li><\/ul><h5>Resonancia: el pulso universal de la vida<\/h5><p>En todas las culturas, la m\u00fasica, la danza y el ritmo han sido el latido de la humanidad, conect\u00e1ndonos con nuestras emociones m\u00e1s profundas: curiosidad, alegr\u00eda, tristeza y asombro. Este <strong><span style=\"color: #d5b448;\">\"latido vital\"<\/span><\/strong> reverbera dentro de cada uno de nosotros, record\u00e1ndonos nuestro lugar dentro de una existencia compartida. <strong><em><span style=\"color: #d5b448;\"><span style=\"caret-color: #d5b448;\">Esperanza for Life\u2122 <\/span><\/span><\/em><\/strong>resuena con este v\u00ednculo, celebr\u00e1ndolo a trav\u00e9s de vibrantes expresiones art\u00edsticas que inspiran la acci\u00f3n colectiva para proteger nuestro mundo y a sus habitantes.<\/p><h5><strong>El poder del talento humano en bruto y la creatividad<\/strong><\/h5><p>En una era de r\u00e1pida globalizaci\u00f3n, la gente busca experiencias que celebren el talento humano en estado puro. Esta iniciativa hace hincapi\u00e9 en las expresiones art\u00edsticas aut\u00e9nticas -m\u00fasica, movimiento, ritmo y voz- que elevan nuestro sentido de la unidad y reavivan nuestra conexi\u00f3n emocional con el mundo.<\/p><p>A trav\u00e9s de estas formas, <em><strong><span style=\"color: #d5b448;\"><span style=\"caret-color: #d5b448;\">Esperanza for Life\u2122 <\/span><\/span><\/strong><\/em>capta el lenguaje democr\u00e1tico y universal de las artes, revelando la belleza y el poder de la expresi\u00f3n humana.<\/p><h5>Una visi\u00f3n en tres actos<\/h5><p><em> <strong><span style=\"color: #d5b448;\"><span style=\"caret-color: #d5b448;\">Esperanza for Life\u2122<\/span><\/span><\/strong><\/em> como un viaje, una celebraci\u00f3n en tres partes de la creatividad humana y los ritmos esenciales de la vida:<\/p><ol><li><strong>A<\/strong><strong>c<\/strong><strong>t<\/strong> <strong>1 - Ritmo y danza<\/strong>: Este acto se centra en el ritmo como fundamento de la vida y la unidad. A trav\u00e9s de la danza y el movimiento, destacamos nuestra interconexi\u00f3n, salvando las diferencias culturales y medioambientales.<\/li><\/ol><ol start=\"2\"><li><strong>A<\/strong><strong>c<\/strong><strong>t<\/strong> <strong>2 - La Voz<\/strong>: Aqu\u00ed, <strong><em><span style=\"color: #d5b448;\"><span style=\"caret-color: #d5b448;\">Esperanza for Life\u2122 <\/span><\/span><\/em><\/strong>explora el poder de la voz humana y la expresi\u00f3n vocal, involucrando al p\u00fablico en una gama de sonidos y emociones que nos unen m\u00e1s all\u00e1 del idioma y la geograf\u00eda.\u00a0<\/li><\/ol><ol start=\"3\"><li><strong>A<\/strong><strong>c<\/strong><strong>t<\/strong> <strong>3 - Armon\u00eda y melod\u00eda<\/strong>: El acto final mezcla diversos instrumentos y estilos musicales de todo el mundo, creando una sinfon\u00eda vibrante y armoniosa que habla del patrimonio de todos los pueblos y de la riqueza de la propia naturaleza.<\/li><\/ol><h5>Oportunidades para Resonance - Participaci\u00f3n empresarial y multimedia<\/h5><p>En <strong><em><span style=\"color: #d5b448;\"><span style=\"caret-color: #d5b448;\">Esperanza for Life\u2122<\/span><\/span><\/em><\/strong><em>\u00a0<\/em>abarca oportunidades de compromiso corporativo y multimedia, ofreciendo una plataforma para conectar con la visi\u00f3n de la iniciativa y apoyarla a trav\u00e9s de diversos canales de participaci\u00f3n:<\/p><ol><li><strong>Evento en directo<\/strong>: Una experiencia multimedia con artistas internacionales, que ofrece un viaje inmersivo al esp\u00edritu de la unidad.<\/li><\/ol><ol start=\"2\"><li><strong>Gira mundial de conciertos \/ Eventos<\/strong>: Una gira de conciertos que lleva actuaciones en directo a p\u00fablicos de todo el mundo, reforzando el mensaje de conexi\u00f3n global.<\/li><\/ol><ol start=\"3\"><li><strong>T<\/strong><strong>elevisi\u00f3n<\/strong> <strong>Especial<\/strong>: Un programa televisado que destaca el viaje y la misi\u00f3n de <em><strong><span style=\"color: #d5b448;\"><span style=\"caret-color: #d5b448;\">Esperanza for Life\u2122<\/span><\/span><\/strong><span style=\"color: #d5b448;\"><span style=\"caret-color: #d5b448;\"><span style=\"color: #333333;\">,<\/span><\/span><\/span><\/em> ampliando su alcance e impacto.<\/li><\/ol><ol start=\"4\"><li><strong>Dominio interactivo de Internet<\/strong>: Un espacio en l\u00ednea que ofrece informaci\u00f3n sobre el movimiento y su misi\u00f3n, entretenimiento a trav\u00e9s de espect\u00e1culos digitales y experiencias interactivas, y recursos de aprendizaje a distancia para audiencias de todo el mundo.<\/li><\/ol><ol start=\"5\"><li><strong>Recursos educativos<\/strong>: Una s\u00f3lida colecci\u00f3n de recursos, incluidos libros con inspiradoras fotograf\u00edas de actuaciones en directo, que documentan colores, texturas, instrumentos y expresiones de alegr\u00eda y unidad. Estos recursos captan el esp\u00edritu de <strong><em><span style=\"color: #d5b448;\"><span style=\"caret-color: #d5b448;\">Esperanza for Life\u2122 <\/span><\/span><\/em><\/strong>y ofrecer a escuelas y universidades acceso a este inspirador movimiento.<\/li><\/ol><ol start=\"6\"><li><strong>Mejorado<\/strong> <strong>DVD<\/strong> <strong>y<\/strong> <strong>Registro<\/strong> <strong>A<\/strong><strong>labio<\/strong>: Un DVD con una experiencia interactiva y un \u00e1lbum discogr\u00e1fico de acompa\u00f1amiento, que permite a los seguidores volver a visitar y compartir el mensaje de <strong><em><span style=\"color: #d5b448;\"><span style=\"caret-color: #d5b448;\">Esperanza for Life\u2122<\/span><\/span><\/em><\/strong><span style=\"color: #333333;\"><em><span style=\"caret-color: #d5b448;\">.<\/span><\/em><\/span><\/li><\/ol><h5>Sensibilizaci\u00f3n y financiaci\u00f3n para un cambio positivo<\/h5><p>Nuestro objetivo es aprovechar el poder de la expresi\u00f3n art\u00edstica para sensibilizar y recaudar fondos para causas afines a nuestra misi\u00f3n:<\/p><ul><li><strong>Ni\u00f1o<\/strong><strong>r<\/strong><strong>en's<\/strong> <strong>W<\/strong><strong>elfa<\/strong><strong>r<\/strong><strong>e<\/strong>: Proporcionar recursos y apoyo a los ni\u00f1os necesitados, garantizando que reciban la atenci\u00f3n, protecci\u00f3n y oportunidades que merecen.<\/li><\/ul><ul><li><strong>En<\/strong><strong>imal<\/strong> <strong>a<\/strong><strong>n<\/strong><strong>d<\/strong> <strong>E<\/strong><strong>nviron<\/strong><strong>me<\/strong><strong>nta<\/strong><strong>l<\/strong> <strong>Co<\/strong><strong>n<\/strong><strong>Se<\/strong><strong>rv<\/strong><strong>a<\/strong><strong>tion<\/strong>: Apoyo a refugios, santuarios y programas de conservaci\u00f3n para preservar los ecosistemas y la biodiversidad de nuestro planeta.<\/li><\/ul><ul><li><strong>Capacitaci\u00f3n de la comunidad<\/strong>: Trabajar para mejorar las comunidades afectadas por problemas sociales y medioambientales, con soluciones sostenibles y una atenci\u00f3n compasiva.<\/li><\/ul><h5><strong>Estrategia financiera y de captaci\u00f3n de fondos<\/strong><\/h5><p>Garantizar el impacto y la sostenibilidad a largo plazo, <strong><em><span style=\"color: #d5b448;\"><span style=\"caret-color: #d5b448;\">Esperanza for Life\u2122 <\/span><\/span><\/em><\/strong>generar\u00e1 apoyo a trav\u00e9s de:<\/p><ul><li><strong>Venta de entradas y merchandising<\/strong>: Los asistentes y simpatizantes podr\u00e1n adquirir entradas especiales, obras de arte de edici\u00f3n limitada y art\u00edculos exclusivos.<\/li><\/ul><ul><li><strong>Co<\/strong><strong>r<\/strong><strong>po<\/strong><strong>r<\/strong><strong>comi\u00f3<\/strong> <strong>y<\/strong> <strong>Individual<\/strong> <strong>Patrocinios<\/strong>: Los patrocinios con diversos niveles de reconocimiento permitir\u00e1n a los patrocinadores contribuir visiblemente a un movimiento que coincide con sus valores.<\/li><\/ul><ul><li><strong>En l\u00ednea<\/strong> <strong>A<\/strong><strong>ucci\u00f3n<\/strong> <strong>Eventos<\/strong>: Art\u00edculos \u00fanicos de subasta en l\u00ednea y fuera de l\u00ednea permitir\u00e1n a los particulares apoyar nuestra misi\u00f3n.<\/li><\/ul><h5>Programas educativos y centros de recursos<\/h5><p>La iniciativa se extender\u00e1 m\u00e1s all\u00e1 de las representaciones con oportunidades educativas durante todo el a\u00f1o:<\/p><ul><li><strong>Aprender creando<\/strong>: Los talleres para ni\u00f1os se centrar\u00e1n en la m\u00fasica, la danza y el arte, recuperando el asombro infantil y fomentando nuevas habilidades en un entorno positivo y alegre.<\/li><\/ul><ul><li><strong>A<\/strong><strong>rtis<\/strong><strong>t<\/strong> <strong>Residencias<\/strong> <strong>y<\/strong> <strong>Colaboraciones<\/strong>: Artistas de todo el mundo colaborar\u00e1n para crear un creciente conjunto de obras de arte que reflejen y promuevan la armon\u00eda y el entendimiento mundiales.<\/li><\/ul><h5>Construir un legado de compasi\u00f3n y creatividad<\/h5><p>En <strong><em><span style=\"color: #d5b448;\"><span style=\"caret-color: #d5b448;\">Esperanza for Life\u2122 <\/span><\/span><\/em><\/strong>aspira a construir un legado de compasi\u00f3n, creatividad y unidad:<\/p><ul><li><strong>Empo<\/strong><strong>w<\/strong><strong>e<\/strong><strong>r<\/strong><strong>ing<\/strong> <strong>Futuro<\/strong> <strong>Generaciones<\/strong>: Inspirar a los ni\u00f1os para que honren la naturaleza, protejan la vida y fomenten la armon\u00eda en sus comunidades.<\/li><\/ul><ul><li><strong>Un modelo de filantrop\u00eda art\u00edstica<\/strong>: Establecer un proyecto para futuras fundaciones y movimientos que promuevan la compasi\u00f3n y la conectividad global.<\/li><\/ul><ul><li><strong>Un archivo vivo del arte y la humanidad<\/strong>: Una biblioteca digital de obras creativas que encarna los valores y la misi\u00f3n del movimiento, accesible a todos.<\/li><\/ul><h5>Crear un legado de alegr\u00eda y compasi\u00f3n<\/h5><p style=\"font-weight: 400;\">M\u00e1s all\u00e1 de una celebraci\u00f3n art\u00edstica, <em><strong><span style=\"color: #d5b448;\"><span style=\"caret-color: #d5b448;\">Esperanza for Life\u2122 <\/span><\/span><\/strong><\/em>pretende ser un recurso educativo y cultural duradero. A trav\u00e9s de ofertas multimedia (documentales, libros, \u00e1lbumes, etc.), el movimiento crea un archivo mundial de creatividad y resistencia. La iniciativa fomenta un legado de alegr\u00eda de vivir, un modelo para que las generaciones futuras valoren y protejan nuestro mundo com\u00fan.<\/p><h5>Invitaci\u00f3n a unirse a nosotros<\/h5><p style=\"font-weight: 400;\">En un mundo que a menudo se siente fragmentado, <em><strong><span style=\"color: #d5b448;\"><span style=\"caret-color: #d5b448;\">Esperanza for Life\u2122 <\/span><\/span><\/strong><\/em>llama a la acci\u00f3n a todos los que valoran la unidad, la vida y la belleza. A trav\u00e9s de actuaciones vibrantes y apoyo colectivo, podemos volver a conectar con lo que nos hace humanos, enriquecer, construir y elevar nuestras comunidades, y asegurar un futuro en el que el respeto, la alegr\u00eda y la compasi\u00f3n gu\u00eden nuestro camino compartido.<\/p><h5>Celebra con nosotros la vida<\/h5><p style=\"font-weight: 400;\"><strong><em><span style=\"color: #d5b448;\"><span style=\"caret-color: #d5b448;\">Esperanza for Life\u2122 <\/span><\/span><\/em><\/strong>es un movimiento que honra la vida y fomenta un mundo de comprensi\u00f3n, amor y creatividad. \u00danete a nosotros para crear un legado de esperanza y unidad, en el que se respeten todas las formas de vida, todos los ni\u00f1os tengan la oportunidad de so\u00f1ar y todas las comunidades trabajen juntas por un futuro mejor.<\/p><h6><span style=\"color: #d5b448;\"><strong>\"En una visi\u00f3n, vimos una forma de vivir juntos en armon\u00eda, y nuestros corazones se llenaron de esperanza\".<\/strong><\/span><\/h6><h6 style=\"font-weight: 400;\"><strong>El objetivo final de la Fundaci\u00f3n TvA International es:<\/strong><\/h6><ol><li><strong>Ignite el Impacto Global: <\/strong>Establecer la Fundaci\u00f3n Internacional Theodora von Auersperg (TvA) como l\u00edder transformador en la uni\u00f3n de los mundos de la filantrop\u00eda y las artes, demostrando el poder de la creatividad y la colaboraci\u00f3n para abordar retos mundiales cr\u00edticos.<\/li><li><strong>Inspirar la acci\u00f3n colectiva: <\/strong>Movilizar a particulares, empresas e instituciones para que defiendan las causas de la Fundaci\u00f3n.<strong>conservaci\u00f3n de la naturaleza, bienestar animal y ayuda a la infancia<\/strong>-al tiempo que se crea un legado cultural y filantr\u00f3pico en cada ciudad anfitriona.<\/li><li><strong>Construir una red sostenible: <\/strong>Cultivar una red s\u00f3lida y duradera de simpatizantes, patrocinadores y colaboradores que sigan ampliando la misi\u00f3n de la fundaci\u00f3n tanto a escala local como mundial, sirviendo de modelo para futuras cumbres.<\/li><li><strong>Celebrar la diversidad y la vida: <\/strong>Utilizar las artes como lenguaje universal para celebrar la vida, honrar el patrimonio cultural y fomentar la unidad y el entendimiento, culminando en el ic\u00f3nico\u00a0<strong>'Esperanza de Vida\u2122 - Concierto Multimedia'.<\/strong><\/li><li><strong>Conseguir resultados tangibles: <\/strong>Canalizar la recaudaci\u00f3n neta del evento hacia iniciativas de impacto en cada pa\u00eds anfitri\u00f3n, como por ejemplo impulsar el desarrollo de un refugio de animales y una cl\u00ednica veterinaria de vanguardia, y crear programas que eleven el bienestar de los ni\u00f1os y el medio ambiente.<\/li><\/ol><p style=\"font-weight: 400;\">Con la consecuci\u00f3n de estos objetivos, la <strong>Esperanza for Life\u2122<\/strong> sentar\u00e1n un precedente en todo el mundo, posicionando la <strong>La Fundaci\u00f3n TvA International como fuerza global para un cambio significativo<\/strong><\/p><h6 class=\"elementor-heading-title elementor-size-default\" style=\"text-align: center;\"><a href=\"https:\/\/donorbox.org\/esperanza-for-life-membership\" target=\"_blank\" rel=\"noopener\"><span style=\"color: #d5b448;\">\u00danase a la Comunidad Internacional \"Esperanza for Life\" - Hazte socio. Causa impacto. Celebra la vida.<\/span><\/a><\/h6>\t\t\t\t\t\t\t\t<\/div>\n\t\t\t\t<\/div>\n\t\t\t\t\t<\/div>\n\t\t\t\t<\/div>\n\t\t<div class=\"elementor-element elementor-element-6da4978 e-flex e-con-boxed e-con e-parent\" data-id=\"6da4978\" data-element_type=\"container\" data-e-type=\"container\">\n\t\t\t\t\t<div class=\"e-con-inner\">\n\t\t\t\t<div class=\"elementor-element elementor-element-dded053 elementor-widget elementor-widget-spacer\" data-id=\"dded053\" data-element_type=\"widget\" data-e-type=\"widget\" data-widget_type=\"spacer.default\">\n\t\t\t\t<div class=\"elementor-widget-container\">\n\t\t\t\t\t\t\t<div class=\"elementor-spacer\">\n\t\t\t<div class=\"elementor-spacer-inner\"><\/div>\n\t\t<\/div>\n\t\t\t\t\t\t<\/div>\n\t\t\t\t<\/div>\n\t\t\t\t\t<\/div>\n\t\t\t\t<\/div>\n\t\t<div class=\"elementor-element elementor-element-9992888 e-flex e-con-boxed e-con e-parent\" data-id=\"9992888\" data-element_type=\"container\" data-e-type=\"container\">\n\t\t\t\t\t<div class=\"e-con-inner\">\n\t\t<div class=\"elementor-element elementor-element-e1059b2 e-con-full e-flex e-con e-child\" data-id=\"e1059b2\" data-element_type=\"container\" data-e-type=\"container\">\n\t\t\t\t<div class=\"elementor-element elementor-element-cd4a404 elementor-widget elementor-widget-helpo_button\" data-id=\"cd4a404\" data-element_type=\"widget\" data-e-type=\"widget\" data-widget_type=\"helpo_button.default\">\n\t\t\t\t<div class=\"elementor-widget-container\">\n\t\t\t\t\t\n        <div class=\"helpo_button_widget\">\n            <div class=\"helpo_button_container\">\n                <a class=\"helpo_button helpo_button--primary\" href=\"https:\/\/tva-foundation.org\/es\/esperanza-for-life-center-bulgaria\/\" target=\"_blank\">CENTRO \"ESPERANZA FOR LIFE\"<\/a>\n            <\/div>\n        <\/div>\n        \t\t\t\t<\/div>\n\t\t\t\t<\/div>\n\t\t\t\t<\/div>\n\t\t<div class=\"elementor-element elementor-element-8b19ae7 e-con-full e-flex e-con e-child\" data-id=\"8b19ae7\" data-element_type=\"container\" data-e-type=\"container\">\n\t\t\t\t<div class=\"elementor-element elementor-element-ae22d39 elementor-widget elementor-widget-helpo_button\" data-id=\"ae22d39\" data-element_type=\"widget\" data-e-type=\"widget\" data-widget_type=\"helpo_button.default\">\n\t\t\t\t<div class=\"elementor-widget-container\">\n\t\t\t\t\t\n        <div class=\"helpo_button_widget\">\n            <div class=\"helpo_button_container\">\n                <a class=\"helpo_button helpo_button--primary\" href=\"https:\/\/tva-foundation.org\/es\/mission\/\" target=\"_blank\">M\u00c1S SOBRE NUESTRA MISI\u00d3N<\/a>\n            <\/div>\n        <\/div>\n        \t\t\t\t<\/div>\n\t\t\t\t<\/div>\n\t\t\t\t<\/div>\n\t\t\t\t\t<\/div>\n\t\t\t\t<\/div>\n\t\t\t\t<\/div>","protected":false},"excerpt":{"rendered":"<p>MANIFESTO\u00a0 The Philosophy Behind Our Mission &#8211; Philanthropy in A New Era: Esperanza for Life\u2122\u00a0&#8211; A\u00a0Global Movement Our Vision for: Celebrating Life\u00a0&amp; Contributing to a Better World &#8211; Moving Hearts &amp; Minds and Raising Consciousness. Introduction In a world driven by technology and rapid change, humanity faces the risk of losing its connection to essential [&hellip;]<\/p>\n","protected":false},"author":38320787,"featured_media":15362,"parent":0,"menu_order":0,"comment_status":"closed","ping_status":"closed","template":"","meta":{"footnotes":""},"class_list":["post-14714","page","type-page","status-publish","has-post-thumbnail","hentry"],"jetpack_likes_enabled":true,"jetpack_sharing_enabled":true,"jetpack_shortlink":"https:\/\/wp.me\/Pf58jH-3Pk","jetpack-related-posts":[],"_links":{"self":[{"href":"https:\/\/tva-foundation.org\/es\/wp-json\/wp\/v2\/pages\/14714","targetHints":{"allow":["GET"]}}],"collection":[{"href":"https:\/\/tva-foundation.org\/es\/wp-json\/wp\/v2\/pages"}],"about":[{"href":"https:\/\/tva-foundation.org\/es\/wp-json\/wp\/v2\/types\/page"}],"author":[{"embeddable":true,"href":"https:\/\/tva-foundation.org\/es\/wp-json\/wp\/v2\/users\/38320787"}],"replies":[{"embeddable":true,"href":"https:\/\/tva-foundation.org\/es\/wp-json\/wp\/v2\/comments?post=14714"}],"version-history":[{"count":100,"href":"https:\/\/tva-foundation.org\/es\/wp-json\/wp\/v2\/pages\/14714\/revisions"}],"predecessor-version":[{"id":23238,"href":"https:\/\/tva-foundation.org\/es\/wp-json\/wp\/v2\/pages\/14714\/revisions\/23238"}],"wp:featuredmedia":[{"embeddable":true,"href":"https:\/\/tva-foundation.org\/es\/wp-json\/wp\/v2\/media\/15362"}],"wp:attachment":[{"href":"https:\/\/tva-foundation.org\/es\/wp-json\/wp\/v2\/media?parent=14714"}],"curies":[{"name":"wp","href":"https:\/\/api.w.org\/{rel}","templated":true}]}}