{"id":19142,"date":"2025-05-23T15:08:20","date_gmt":"2025-05-23T13:08:20","guid":{"rendered":"https:\/\/tva-foundation.org\/?page_id=19142"},"modified":"2026-08-30T20:16:34","modified_gmt":"2026-08-30T18:16:34","slug":"esperanza-for-life-center-bulgaria","status":"publish","type":"page","link":"https:\/\/tva-foundation.org\/fr\/esperanza-for-life-center-bulgaria\/","title":{"rendered":"Centre Esperanza for Life\u2122 \u2013 Un \u00e9cosyst\u00e8me \u00e0 impact social"},"content":{"rendered":"<div data-elementor-type=\"wp-page\" data-elementor-id=\"19142\" class=\"elementor elementor-19142\" data-elementor-post-type=\"page\">\n\t\t\t\t<div class=\"elementor-element elementor-element-8ad7131 e-flex e-con-boxed e-con e-parent\" data-id=\"8ad7131\" data-element_type=\"container\" data-e-type=\"container\">\n\t\t\t\t\t<div class=\"e-con-inner\">\n\t\t\t\t<div class=\"elementor-element elementor-element-84beb86 elementor-widget elementor-widget-text-editor\" data-id=\"84beb86\" data-element_type=\"widget\" data-e-type=\"widget\" data-widget_type=\"text-editor.default\">\n\t\t\t\t<div class=\"elementor-widget-container\">\n\t\t\t\t\t\t\t\t\t<h5 style=\"text-align: center;\"><span style=\"color: #d5b448;\"><strong>De la vision \u00e0 l'action :<\/strong><\/span><\/h5><h5 style=\"text-align: center;\"><span style=\"color: #d5b448;\"><strong><img data-attachment-id=\"23128\" data-permalink=\"https:\/\/tva-foundation.org\/fr\/efl-center-tva-black-gold-500\/\" data-orig-file=\"https:\/\/tva-foundation.org\/wp-content\/uploads\/2026\/03\/EFL-Center-TvA-Black-Gold-500.png\" data-orig-size=\"501,101\" data-comments-opened=\"1\" data-image-meta=\"{&quot;aperture&quot;:&quot;0&quot;,&quot;credit&quot;:&quot;&quot;,&quot;camera&quot;:&quot;&quot;,&quot;caption&quot;:&quot;&quot;,&quot;created_timestamp&quot;:&quot;0&quot;,&quot;copyright&quot;:&quot;&quot;,&quot;focal_length&quot;:&quot;0&quot;,&quot;iso&quot;:&quot;0&quot;,&quot;shutter_speed&quot;:&quot;0&quot;,&quot;title&quot;:&quot;&quot;,&quot;orientation&quot;:&quot;0&quot;}\" data-image-title=\"Esperanza for Life Center\" data-image-description=\"\" data-image-caption=\"\" data-large-file=\"https:\/\/tva-foundation.org\/wp-content\/uploads\/2026\/03\/EFL-Center-TvA-Black-Gold-500.png\" class=\"size-medium wp-image-23128 aligncenter\" src=\"https:\/\/tva-foundation.org\/wp-content\/uploads\/2026\/03\/EFL-Center-TvA-Black-Gold-500-300x60.png\" alt=\"TvA International Foundation\" width=\"300\" height=\"60\" srcset=\"https:\/\/tva-foundation.org\/wp-content\/uploads\/2026\/03\/EFL-Center-TvA-Black-Gold-500-300x60.png 300w, https:\/\/tva-foundation.org\/wp-content\/uploads\/2026\/03\/EFL-Center-TvA-Black-Gold-500-18x4.png 18w, https:\/\/tva-foundation.org\/wp-content\/uploads\/2026\/03\/EFL-Center-TvA-Black-Gold-500.png 501w\" sizes=\"(max-width: 300px) 100vw, 300px\" \/><\/strong><\/span><\/h5><h6 style=\"text-align: center;\">BULGARIE<\/h6><h6 style=\"text-align: center;\"><span style=\"color: #d5b448;\"><strong>\u201c Nous ne nous contentons pas de construire un centre. Nous mettons au point un mod\u00e8le que les communaut\u00e9s du monde entier pourront adapter, renforcer et s\u2019approprier. \u201d<\/strong><\/span><\/h6><h5 style=\"text-align: center;\"><span style=\"color: #d5b448;\">Le mod\u00e8le \u00ab Esperanza for Life\u2122 \u00bb<\/span><\/h5><p class=\"PDq2pG_selectionAnchorContainer\" style=\"text-align: center;\" data-start=\"585\" data-end=\"671\"><strong data-start=\"585\" data-end=\"642\">Fondation internationale Theodora von Auersperg (TvA)<\/strong><br \/>\u2193 <em data-start=\"645\" data-end=\"671\">Fondation philanthropique<\/em><\/p><p style=\"text-align: center;\" data-start=\"673\" data-end=\"716\"><strong data-start=\"673\" data-end=\"696\">Esperanza for Life\u2122<\/strong><br \/>\u2193 <em data-start=\"699\" data-end=\"716\">Global Movement<\/em><\/p><p style=\"text-align: center;\" data-start=\"718\" data-end=\"814\"><strong data-start=\"718\" data-end=\"759\">Esperanza for Life\u2122 Center - Bulgarie<\/strong><br \/>\u2193 <em data-start=\"762\" data-end=\"814\">\u00c9cosyst\u00e8me op\u00e9rationnel d'impact social (Centre pilote)<\/em><\/p><h5 data-section-id=\"45fcdg\" data-start=\"821\" data-end=\"928\">\u00a0<\/h5><h5 class=\"PDq2pG_selectionAnchorContainer\" data-section-id=\"45fcdg\" data-start=\"821\" data-end=\"928\"><span role=\"text\"><strong data-start=\"824\" data-end=\"928\">Plus qu'une simple clinique v\u00e9t\u00e9rinaire. Plus qu'une simple entreprise sociale. Un nouveau mod\u00e8le pour des communaut\u00e9s en meilleure sant\u00e9.<\/strong><\/span><\/h5><p data-start=\"930\" data-end=\"1059\"><strong><span style=\"color: #808080;\">Les <\/span><span style=\"color: #333333;\">Esperanza for Life\u2122 Center - Bulgarie <\/span><span style=\"color: #808080;\">est la premi\u00e8re concr\u00e9tisation op\u00e9rationnelle de l'initiative mondiale<\/span> <span style=\"color: #333333;\">Esperanza for Life\u2122 <\/span><span style=\"color: #808080;\">mouvement.<\/span><\/strong><\/p><p data-start=\"1061\" data-end=\"1298\"><strong><span style=\"color: #808080;\">Plus qu'une simple clinique v\u00e9t\u00e9rinaire, c'est un mod\u00e8le reproductible<\/span> <span style=\"color: #333333;\">\u00c9cosyst\u00e8me \u00e0 impact social<\/span> <span style=\"color: #808080;\">con\u00e7u pour renforcer les liens entre les animaux, les \u00eatres humains et la nature gr\u00e2ce \u00e0 la compassion, \u00e0 l'\u00e9ducation, \u00e0 l'innovation, \u00e0 la collaboration et \u00e0 l'entrepreneuriat durable.<\/span><\/strong><\/p><p data-start=\"1300\" data-end=\"1382\"><strong><span style=\"color: #808080;\">Nous sommes convaincus que les plus grands d\u00e9fis de notre \u00e9poque ne peuvent \u00eatre relev\u00e9s isol\u00e9ment.<\/span><\/strong><\/p><p data-start=\"1384\" data-end=\"1437\"><strong><span style=\"color: #808080;\">Des communaut\u00e9s en bonne sant\u00e9 commencent par des relations saines.<\/span><\/strong><\/p><p data-start=\"1439\" data-end=\"1455\"><strong><span style=\"color: #808080;\">Entre les animaux.<\/span><\/strong><\/p><p data-start=\"1457\" data-end=\"1464\"><strong><span style=\"color: #808080;\">Les gens.<\/span><\/strong><\/p><p data-start=\"1466\" data-end=\"1477\"><strong><span style=\"color: #808080;\">Et la nature.<\/span><\/strong><\/p><p data-start=\"1479\" data-end=\"1638\"><strong><span style=\"color: #808080;\">Chaque<\/span> <span style=\"color: #333333;\">Esperanza for Life\u2122 Center <\/span><span style=\"color: #808080;\">est con\u00e7ue pour r\u00e9pondre aux besoins sp\u00e9cifiques de sa communaut\u00e9 locale tout en s'inscrivant dans une vision internationale commune.<\/span><\/strong><\/p><p data-start=\"1640\" data-end=\"1700\"><strong><span style=\"color: #808080;\">Notre ambition ne se limite pas \u00e0 g\u00e9rer un centre d'exception.<\/span><\/strong><\/p><p data-start=\"1702\" data-end=\"1823\"><strong><span style=\"color: #808080;\">Notre ambition est de mettre au point un mod\u00e8le concret que les communaut\u00e9s du monde entier pourront adapter, renforcer et s'approprier.<\/span><\/strong><\/p><p data-start=\"1825\" data-end=\"2020\"><strong><span style=\"color: #808080;\">Le premier<\/span> <span style=\"color: #333333;\">Esperanza for Life\u2122 Center<\/span> <span style=\"color: #808080;\">\u00e0 Plovdiv, en Bulgarie, sert de projet pilote \u00e0 un r\u00e9seau international en pleine expansion qui vise \u00e0 cr\u00e9er des communaut\u00e9s plus saines gr\u00e2ce \u00e0 une approche int\u00e9gr\u00e9e ax\u00e9e sur l'impact social.<\/span><\/strong><\/p><h5 data-start=\"1825\" data-end=\"2020\"><span role=\"text\"><strong data-start=\"2029\" data-end=\"2069\">Construire des ponts pour un avenir meilleur<\/strong><\/span><\/h5><p data-start=\"2071\" data-end=\"2197\"><strong><span style=\"color: #808080;\">Nous pensons que des progr\u00e8s significatifs peuvent \u00eatre r\u00e9alis\u00e9s lorsque des disciplines qui, traditionnellement, \u00e9voluaient s\u00e9par\u00e9ment, commencent \u00e0 collaborer.<\/span><\/strong><\/p><p data-start=\"2199\" data-end=\"2249\"><strong><span style=\"color: #808080;\">Les<\/span> <span style=\"color: #333333;\">Esperanza for Life\u2122 Center<\/span> <span style=\"color: #808080;\">tisse des liens :<\/span><\/strong><\/p><ul data-start=\"2251\" data-end=\"2525\"><li data-section-id=\"mxttao\" data-start=\"2251\" data-end=\"2304\"><strong><span style=\"color: #808080;\">entre<\/span> <span style=\"color: #333333;\">M\u00e9decine v\u00e9t\u00e9rinaire et m\u00e9decine humaine ;<\/span><\/strong><\/li><li data-section-id=\"8e7p6v\" data-start=\"2305\" data-end=\"2348\"><strong><span style=\"color: #808080;\">entre le bien-\u00eatre animal et la sant\u00e9 publique ;<\/span><\/strong><\/li><li data-section-id=\"xbk4rh\" data-start=\"2349\" data-end=\"2411\"><strong><span style=\"color: #808080;\">entre la gestion responsable de l'environnement et des communaut\u00e9s en meilleure sant\u00e9 ;<\/span><\/strong><\/li><li data-section-id=\"9chhv1\" data-start=\"2412\" data-end=\"2467\"><strong><span style=\"color: #808080;\">entre l'\u00e9ducation, l'innovation et l'apprentissage tout au long de la vie ;<\/span><\/strong><\/li><li data-section-id=\"1ddl7xa\" data-start=\"2468\" data-end=\"2525\"><strong><span style=\"color: #808080;\">entre la philanthropie et l'entreprise sociale durable.<\/span><\/strong><\/li><\/ul><p data-start=\"2527\" data-end=\"2692\"><strong><span style=\"color: #808080;\">Plut\u00f4t que de relever ces d\u00e9fis s\u00e9par\u00e9ment, nous les int\u00e9grons au sein d'un \u00e9cosyst\u00e8me collaboratif capable de g\u00e9n\u00e9rer un impact social mesurable et durable.<\/span><\/strong><\/p><h5 data-section-id=\"1utp0ud\" data-start=\"2699\" data-end=\"2741\"><span role=\"text\"><strong data-start=\"2701\" data-end=\"2741\">En quoi Esperanza for Life\u2122 se distingue-t-elle ?<\/strong><\/span><\/h5><p data-start=\"2743\" data-end=\"2811\"><strong><span style=\"color: #808080;\">De nombreuses organisations savent parfaitement relever les d\u00e9fis individuels.<\/span><\/strong><\/p><p data-start=\"2813\" data-end=\"2865\"><strong><span style=\"color: #333333;\">Esperanza for Life\u2122<\/span> <span style=\"color: #808080;\">a \u00e9t\u00e9 cr\u00e9\u00e9 pour les mettre en relation.<\/span><\/strong><\/p><p data-start=\"2867\" data-end=\"3098\"><strong><span style=\"color: #808080;\">Au lieu de dissocier le bien-\u00eatre animal, la sant\u00e9 publique, l'\u00e9ducation, la responsabilit\u00e9 environnementale, l'innovation et le d\u00e9veloppement social, nous les r\u00e9unissons au sein d'un mod\u00e8le int\u00e9gr\u00e9 qui permet d'obtenir de meilleurs r\u00e9sultats pour les communaut\u00e9s.<\/span><\/strong><\/p><p data-start=\"3100\" data-end=\"3192\"><strong><span style=\"color: #808080;\">Le premier<\/span> <span style=\"color: #333333;\">Esperanza for Life\u2122 Center <\/span><span style=\"color: #808080;\">montre comment cette philosophie s'applique dans la pratique.<\/span><\/strong><\/p><p data-start=\"3194\" data-end=\"3427\"><strong><span style=\"color: #808080;\">Situ\u00e9 \u00e0 Plovdiv, en Bulgarie, ce lieu fait office de laboratoire vivant o\u00f9 de nouvelles id\u00e9es sont d\u00e9velopp\u00e9es, test\u00e9es, affin\u00e9es et partag\u00e9es, g\u00e9n\u00e9rant ainsi des connaissances susceptibles de soutenir le d\u00e9veloppement futur<\/span> <span style=\"color: #333333;\">Centres \u00ab Esperanza for Life\u2122 \u00bb <\/span><span style=\"color: #808080;\">partout dans le monde.<\/span><\/strong><\/p><p data-start=\"3429\" data-end=\"3534\"><strong><span style=\"color: #808080;\">Chaque exp\u00e9rience, chaque partenariat et chaque enseignement tir\u00e9 contribuent \u00e0 l'\u00e9volution constante du mouvement.<\/span><\/strong><\/p><h5 data-section-id=\"1b2o2lr\" data-start=\"3541\" data-end=\"3570\"><span role=\"text\"><strong data-start=\"3543\" data-end=\"3570\">Nos axes strat\u00e9giques<\/strong><\/span><\/h5><h6 data-section-id=\"3alhr3\" data-start=\"3572\" data-end=\"3599\"><span role=\"text\"><strong data-start=\"3576\" data-end=\"3599\">M\u00e9decine v\u00e9t\u00e9rinaire<\/strong><\/span><\/h6><p data-start=\"3601\" data-end=\"3794\"><strong><span style=\"color: #808080;\">Fournir des soins v\u00e9t\u00e9rinaires de haute qualit\u00e9, des services de m\u00e9decine pr\u00e9ventive, de diagnostic, de chirurgie, de soins d'urgence et des programmes de st\u00e9rilisation, ainsi que mener des actions de sensibilisation aupr\u00e8s de la population, tout en am\u00e9liorant la sant\u00e9 et le bien-\u00eatre des animaux.<\/span><\/strong><\/p><h6 data-section-id=\"1j0p8p0\" data-start=\"3796\" data-end=\"3836\"><span role=\"text\"><strong data-start=\"3800\" data-end=\"3836\">\u00c9ducation et engagement communautaire<\/strong><\/span><\/h6><p data-start=\"3838\" data-end=\"4037\"><strong><span style=\"color: #808080;\">Promouvoir le bien-\u00eatre animal, la sensibilisation \u00e0 l'environnement, la m\u00e9decine pr\u00e9ventive, la compassion et l'apprentissage tout au long de la vie gr\u00e2ce \u00e0 des initiatives \u00e9ducatives destin\u00e9es aux enfants, aux familles, aux \u00e9tudiants et aux communaut\u00e9s.<\/span><\/strong><\/p><h6 data-section-id=\"vvu9o0\" data-start=\"4039\" data-end=\"4064\"><span role=\"text\"><strong data-start=\"4043\" data-end=\"4064\">Innovation sociale<\/strong><\/span><\/h6><p data-start=\"4066\" data-end=\"4236\"><strong><span style=\"color: #808080;\">\u00c9laborer des solutions concr\u00e8tes alliant un impact social mesurable \u00e0 une viabilit\u00e9 \u00e0 long terme, afin de cr\u00e9er des mod\u00e8les r\u00e9silients, capables d\u2019une croissance et d\u2019une adaptation continues.<\/span><\/strong><\/p><h6 data-section-id=\"15b386o\" data-start=\"4238\" data-end=\"4274\"><span role=\"text\"><strong data-start=\"4242\" data-end=\"4274\">Collaboration et partenariats<\/strong><\/span><\/h6><p data-start=\"4276\" data-end=\"4498\"><strong><span style=\"color: #808080;\">Travailler en \u00e9troite collaboration avec les collectivit\u00e9s locales, les universit\u00e9s, les professionnels v\u00e9t\u00e9rinaires, les experts de la sant\u00e9, les entreprises, les associations \u00e0 but non lucratif et les b\u00e9n\u00e9voles afin de renforcer les communaut\u00e9s gr\u00e2ce au partage des connaissances et \u00e0 l'action collective.<\/span><\/strong><\/p><h5 data-section-id=\"13q1f33\" data-start=\"4505\" data-end=\"4546\"><span role=\"text\"><strong data-start=\"4507\" data-end=\"4546\">Renforcer la sant\u00e9 des communaut\u00e9s<\/strong><\/span><\/h5><p data-start=\"4548\" data-end=\"4687\"><strong><span style=\"color: #808080;\">Nous sommes convaincus que l'avenir de communaut\u00e9s en meilleure sant\u00e9 passe d'abord par la prise de conscience du lien indissociable qui unit les animaux, les \u00eatres humains et la nature.<\/span><\/strong><\/p><p data-start=\"4689\" data-end=\"5020\"><strong><span style=\"color: #808080;\">Gr\u00e2ce \u00e0 l'\u00e9ducation, \u00e0 la pr\u00e9vention, \u00e0 la recherche, \u00e0 l'innovation et \u00e0 l'engagement communautaire, le<\/span> <span style=\"color: #333333;\">Esperanza for Life\u2122 Center<\/span> <span style=\"color: #808080;\">encourage la collaboration entre<\/span> <span style=\"color: #333333;\">M\u00e9decine v\u00e9t\u00e9rinaire et m\u00e9decine humaine<\/span><span style=\"color: #808080;\"><span style=\"color: #333333;\">,<\/span> contribuant non seulement \u00e0 l'am\u00e9lioration du bien-\u00eatre animal, mais aussi au renforcement de la sant\u00e9 publique, \u00e0 la responsabilit\u00e9 environnementale et au bien-\u00eatre de la communaut\u00e9.<\/span><\/strong><\/p><p data-start=\"5022\" data-end=\"5069\"><strong><span style=\"color: #808080;\">Des animaux en bonne sant\u00e9 contribuent \u00e0 am\u00e9liorer la sant\u00e9 des personnes.<\/span><\/strong><\/p><p data-start=\"5071\" data-end=\"5115\"><strong><span style=\"color: #808080;\">Des personnes en meilleure sant\u00e9 contribuent \u00e0 renforcer les communaut\u00e9s.<\/span><\/strong><\/p><p data-start=\"5117\" data-end=\"5153\"><strong><span style=\"color: #808080;\">Des communaut\u00e9s plus fortes prot\u00e8gent la nature.<\/span><\/strong><\/p><p data-start=\"5155\" data-end=\"5203\"><strong><span style=\"color: #808080;\">Ensemble, ils construisent un avenir plus durable.<\/span><\/strong><\/p><h5 data-section-id=\"18utqq0\" data-start=\"5210\" data-end=\"5254\"><span role=\"text\"><strong data-start=\"5212\" data-end=\"5254\">Con\u00e7u pour une reproduction \u00e0 l'\u00e9chelle internationale<\/strong><\/span><\/h5><p data-start=\"5256\" data-end=\"5319\"><strong><span style=\"color: #808080;\">Le premier<\/span> <span style=\"color: #333333;\">Esperanza for Life\u2122 Center<\/span> <span style=\"color: #808080;\">Ce n'est qu'un d\u00e9but.<\/span><\/strong><\/p><p data-start=\"5321\" data-end=\"5624\"><strong><span style=\"color: #808080;\">Notre objectif est de d\u00e9velopper une solution \u00e9volutive<\/span> <span style=\"color: #333333;\">\u00c9cosyst\u00e8me \u00e0 impact social<\/span> <span style=\"color: #808080;\">qui peut \u00eatre adapt\u00e9 \u00e0 l'\u00e9chelle internationale gr\u00e2ce \u00e0 des partenariats avec des gouvernements, des collectivit\u00e9s locales, des universit\u00e9s, des \u00e9tablissements v\u00e9t\u00e9rinaires, des organismes de sant\u00e9, des fondations philanthropiques, des entreprises partenaires et des investisseurs d'impact responsables.<\/span><\/strong><\/p><p data-start=\"5626\" data-end=\"5752\"><strong><span style=\"color: #808080;\">Chaque avenir<\/span> <span style=\"color: #333333;\">Esperanza for Life\u2122 Center<\/span> <span style=\"color: #808080;\">r\u00e9pondra aux besoins de sa communaut\u00e9 locale tout en partageant une philosophie commune :<\/span><\/strong><\/p><p data-start=\"5754\" data-end=\"5859\"><span style=\"color: #333333;\"><strong>Cr\u00e9er des communaut\u00e9s plus saines en renfor\u00e7ant le lien entre les animaux, les personnes et la nature.<\/strong><\/span><\/p><h5 data-section-id=\"1lcjt9a\" data-start=\"5866\" data-end=\"5889\"><span role=\"text\"><strong data-start=\"5868\" data-end=\"5889\">Rejoignez le mouvement<\/strong><\/span><\/h5><p data-start=\"5891\" data-end=\"5942\"><strong><span style=\"color: #808080;\">C'est gr\u00e2ce \u00e0 la collaboration que l'on parvient \u00e0 un changement significatif.<\/span><\/strong><\/p><p data-start=\"5944\" data-end=\"6224\"><strong><span style=\"color: #808080;\">Que vous soyez un investisseur d'impact, un philanthrope, une fondation, une entreprise, une collectivit\u00e9 locale, une universit\u00e9, un professionnel de la m\u00e9decine v\u00e9t\u00e9rinaire, un expert de la sant\u00e9, une organisation \u00e0 but non lucratif ou simplement une personne qui partage notre vision, nous vous invitons \u00e0 rejoindre ce mouvement international en pleine expansion.<\/span><\/strong><\/p><p data-start=\"6226\" data-end=\"6408\"><strong><span style=\"color: #808080;\">Ensemble, nous pouvons contribuer \u00e0 fa\u00e7onner une nouvelle g\u00e9n\u00e9ration d'impact social \u00e0 grande \u00e9chelle, alliant compassion, innovation, d\u00e9veloppement durable et r\u00e9sultats mesurables au profit des communaut\u00e9s du monde entier.<\/span><\/strong><\/p><h5 data-section-id=\"l65zrb\" data-start=\"6415\" data-end=\"6442\"><span role=\"text\"><strong data-start=\"6417\" data-end=\"6442\">Notre principe directeur<\/strong><\/span><\/h5><p data-start=\"6444\" data-end=\"6760\"><strong><span style=\"color: #808080;\">Con\u00e7u pour \u00eatre autonome<\/span> <span style=\"color: #333333;\">\u00c9cosyst\u00e8mes \u00e0 impact social, centres \u00ab Esperanza for Life\u2122 \u00bb <\/span><span style=\"color: #808080;\">allier des soins prodigu\u00e9s avec bienveillance \u00e0 des services, \u00e0 l'\u00e9ducation, \u00e0 l'innovation, \u00e0 des partenariats strat\u00e9giques, \u00e0 une gestion durable de l'entreprise et \u00e0 l'engagement communautaire, le tout en accord avec notre mission, afin d'assurer une r\u00e9silience financi\u00e8re \u00e0 long terme tout en maximisant notre impact social.<\/span><\/strong><\/p><p data-start=\"6762\" data-end=\"6834\"><strong><span style=\"color: #808080;\">L'avenir ne se construit pas en choisissant entre la philanthropie et l'entreprise.<\/span><\/strong><\/p><p data-start=\"6836\" data-end=\"6940\"><span style=\"color: #333333;\"><strong>Elle se construit en les r\u00e9unissant au service des animaux, des personnes, de la nature et des g\u00e9n\u00e9rations futures<\/strong><\/span><\/p><h6 style=\"text-align: center;\" data-start=\"1948\" data-end=\"2125\"><a href=\"https:\/\/tva-foundation.org\/fr\/causes\/esperanza-for-life-center-veterinary-clinic\/\"><span style=\"color: #d5b448;\">CONTACTEZ NOTRE PREMIER CENTRE \u00c0 PLOVDIV<\/span><\/a><\/h6><h6 style=\"text-align: center;\" data-section-id=\"uqgug1\" data-start=\"5741\" data-end=\"5804\"><a href=\"https:\/\/tva-foundation.org\/fr\/esperanza-for-life-pet-program\/\"><span style=\"color: #d5b448;\"><span role=\"text\">D\u00c9COUVREZ NOTRE PROGRAMME POUR LES ANIMAUX DE COMPAGNIE<\/span><\/span><\/a><\/h6>\t\t\t\t\t\t\t\t<\/div>\n\t\t\t\t<\/div>\n\t\t\t\t\t<\/div>\n\t\t\t\t<\/div>\n\t\t\t\t<\/div>","protected":false},"excerpt":{"rendered":"<p>From Vision to Action: BULGARIA &#8220;We are not simply building a Center. We are developing a model that communities around the world can adapt, strengthen, and make their own.&#8221; The Esperanza for Life\u2122 Model Theodora von Auersperg (TvA) International Foundation\u2193 Philanthropic Foundation Esperanza for Life\u2122\u2193 Global Movement Esperanza for Life\u2122 Center \u2013 Bulgaria\u2193 Operational Social [&hellip;]<\/p>\n","protected":false},"author":38320787,"featured_media":23781,"parent":0,"menu_order":0,"comment_status":"closed","ping_status":"closed","template":"","meta":{"_wpcom_ai_launchpad_about_page":false,"_wpcom_ai_launchpad_gallery_page":false,"_wpcom_ai_launchpad_contact_page":false,"_wpcom_ai_launchpad_events_page":false,"_wpcom_ai_launchpad_video_page":false,"_wpcom_ai_launchpad_portfolio_piece":false,"footnotes":""},"class_list":["post-19142","page","type-page","status-publish","has-post-thumbnail","hentry"],"jetpack_likes_enabled":true,"jetpack_sharing_enabled":true,"jetpack_shortlink":"https:\/\/wp.me\/Pf58jH-4YK","jetpack-related-posts":[],"_links":{"self":[{"href":"https:\/\/tva-foundation.org\/fr\/wp-json\/wp\/v2\/pages\/19142","targetHints":{"allow":["GET"]}}],"collection":[{"href":"https:\/\/tva-foundation.org\/fr\/wp-json\/wp\/v2\/pages"}],"about":[{"href":"https:\/\/tva-foundation.org\/fr\/wp-json\/wp\/v2\/types\/page"}],"author":[{"embeddable":true,"href":"https:\/\/tva-foundation.org\/fr\/wp-json\/wp\/v2\/users\/38320787"}],"replies":[{"embeddable":true,"href":"https:\/\/tva-foundation.org\/fr\/wp-json\/wp\/v2\/comments?post=19142"}],"version-history":[{"count":100,"href":"https:\/\/tva-foundation.org\/fr\/wp-json\/wp\/v2\/pages\/19142\/revisions"}],"predecessor-version":[{"id":27204,"href":"https:\/\/tva-foundation.org\/fr\/wp-json\/wp\/v2\/pages\/19142\/revisions\/27204"}],"wp:featuredmedia":[{"embeddable":true,"href":"https:\/\/tva-foundation.org\/fr\/wp-json\/wp\/v2\/media\/23781"}],"wp:attachment":[{"href":"https:\/\/tva-foundation.org\/fr\/wp-json\/wp\/v2\/media?parent=19142"}],"curies":[{"name":"wp","href":"https:\/\/api.w.org\/{rel}","templated":true}]}}