{"id":2215,"date":"2020-03-25T03:34:10","date_gmt":"2020-03-25T03:34:10","guid":{"rendered":"https:\/\/helpocharity.artureanec.com\/?page_id=34"},"modified":"2026-07-13T15:03:15","modified_gmt":"2026-07-13T13:03:15","slug":"faqs","status":"publish","type":"page","link":"https:\/\/tva-foundation.org\/fr\/faqs\/","title":{"rendered":"FAQ"},"content":{"rendered":"<div data-elementor-type=\"wp-page\" data-elementor-id=\"2215\" class=\"elementor elementor-2215\" data-elementor-post-type=\"page\">\n\t\t\t\t\t\t<section class=\"elementor-section elementor-top-section elementor-element elementor-element-24bc7a63 elementor-section-stretched elementor-section-boxed elementor-section-height-default elementor-section-height-default\" data-id=\"24bc7a63\" data-element_type=\"section\" data-e-type=\"section\" data-settings=\"{&quot;stretch_section&quot;:&quot;section-stretched&quot;,&quot;background_background&quot;:&quot;classic&quot;}\">\n\t\t\t\t\t\t<div class=\"elementor-container elementor-column-gap-default\">\n\t\t\t\t\t<div class=\"elementor-column elementor-col-100 elementor-top-column elementor-element elementor-element-7799bebb\" data-id=\"7799bebb\" data-element_type=\"column\" data-e-type=\"column\">\n\t\t\t<div class=\"elementor-widget-wrap elementor-element-populated\">\n\t\t\t\t\t\t<div class=\"elementor-element elementor-element-5fc5a98b elementor-widget elementor-widget-helpo_heading\" data-id=\"5fc5a98b\" data-element_type=\"widget\" data-e-type=\"widget\" data-widget_type=\"helpo_heading.default\">\n\t\t\t\t<div class=\"elementor-widget-container\">\n\t\t\t\t\t\n        <div class=\"helpo_heading_widget\">\n                                <div class=\"helpo_up_heading\">FAQ<\/div>\n                                    <h2 class=\"helpo_heading\">\n\n                    G\u00e9n\u00e9ral                         <span>Questions<\/span>\n                                        <\/h2>\n                        <\/div>\n        \t\t\t\t<\/div>\n\t\t\t\t<\/div>\n\t\t\t\t\t<\/div>\n\t\t<\/div>\n\t\t\t\t\t<\/div>\n\t\t<\/section>\n\t\t\t\t<section class=\"elementor-section elementor-top-section elementor-element elementor-element-a334d95 elementor-section-stretched elementor-section-boxed elementor-section-height-default elementor-section-height-default\" data-id=\"a334d95\" data-element_type=\"section\" data-e-type=\"section\" data-settings=\"{&quot;stretch_section&quot;:&quot;section-stretched&quot;,&quot;background_background&quot;:&quot;classic&quot;}\">\n\t\t\t\t\t\t<div class=\"elementor-container elementor-column-gap-default\">\n\t\t\t\t\t<div class=\"elementor-column elementor-col-66 elementor-top-column elementor-element elementor-element-4764f444\" data-id=\"4764f444\" data-element_type=\"column\" data-e-type=\"column\">\n\t\t\t<div class=\"elementor-widget-wrap elementor-element-populated\">\n\t\t\t\t\t\t<div class=\"elementor-element elementor-element-65d1b066 elementor-widget elementor-widget-accordion\" data-id=\"65d1b066\" data-element_type=\"widget\" data-e-type=\"widget\" data-widget_type=\"accordion.default\">\n\t\t\t\t<div class=\"elementor-widget-container\">\n\t\t\t\t\t\t\t<div class=\"elementor-accordion\">\n\t\t\t\t\t\t\t<div class=\"elementor-accordion-item\">\n\t\t\t\t\t<div id=\"elementor-tab-title-1701\" class=\"elementor-tab-title\" data-tab=\"1\" role=\"button\" aria-controls=\"elementor-tab-content-1701\" aria-expanded=\"false\">\n\t\t\t\t\t\t\t\t\t\t\t\t\t<span class=\"elementor-accordion-icon elementor-accordion-icon-right\" aria-hidden=\"true\">\n\t\t\t\t\t\t\t\t\t\t\t\t\t\t\t<span class=\"elementor-accordion-icon-closed\"><i class=\"fas fa-plus\"><\/i><\/span>\n\t\t\t\t\t\t\t\t<span class=\"elementor-accordion-icon-opened\"><i class=\"fas fa-minus\"><\/i><\/span>\n\t\t\t\t\t\t\t\t\t\t\t\t\t\t<\/span>\n\t\t\t\t\t\t\t\t\t\t\t\t<a class=\"elementor-accordion-title\" tabindex=\"0\">Qu'est-ce que la Fondation internationale Theodora von Auersperg (TvA) ? - www.TvAFoundation.org<\/a>\n\t\t\t\t\t<\/div>\n\t\t\t\t\t<div id=\"elementor-tab-content-1701\" class=\"elementor-tab-content elementor-clearfix\" data-tab=\"1\" role=\"region\" aria-labelledby=\"elementor-tab-title-1701\"><p class=\"PDq2pG_selectionAnchorContainer\" data-start=\"565\" data-end=\"782\">Les <strong data-start=\"569\" data-end=\"626\">Fondation internationale Theodora von Auersperg (TvA)<\/strong> est une organisation ind\u00e9pendante \u00e0 but non lucratif qui a pour vocation de g\u00e9n\u00e9rer un impact social durable en renfor\u00e7ant les liens entre les animaux, les \u00eatres humains et la nature.<\/p><p data-start=\"784\" data-end=\"1043\">\u00c0 l'\u00e9chelle mondiale <strong data-start=\"803\" data-end=\"826\">Esperanza for Life\u2122<\/strong> Au sein de notre mouvement, nous combinons philanthropie, \u00e9ducation, innovation, engagement communautaire et solutions durables afin de promouvoir le bien-\u00eatre animal, le bien-\u00eatre des enfants, la protection de l'environnement et des communaut\u00e9s plus saines.<\/p><p data-start=\"1045\" data-end=\"1242\">Notre mission consiste \u00e0 favoriser la collaboration entre les disciplines, \u00e0 d\u00e9velopper des initiatives \u00e0 impact social \u00e9volutives et \u00e0 nouer des partenariats qui g\u00e9n\u00e8rent des changements significatifs et durables, tant au niveau local qu'international.<\/p><\/div>\n\t\t\t\t<\/div>\n\t\t\t\t\t\t\t<div class=\"elementor-accordion-item\">\n\t\t\t\t\t<div id=\"elementor-tab-title-1702\" class=\"elementor-tab-title\" data-tab=\"2\" role=\"button\" aria-controls=\"elementor-tab-content-1702\" aria-expanded=\"false\">\n\t\t\t\t\t\t\t\t\t\t\t\t\t<span class=\"elementor-accordion-icon elementor-accordion-icon-right\" aria-hidden=\"true\">\n\t\t\t\t\t\t\t\t\t\t\t\t\t\t\t<span class=\"elementor-accordion-icon-closed\"><i class=\"fas fa-plus\"><\/i><\/span>\n\t\t\t\t\t\t\t\t<span class=\"elementor-accordion-icon-opened\"><i class=\"fas fa-minus\"><\/i><\/span>\n\t\t\t\t\t\t\t\t\t\t\t\t\t\t<\/span>\n\t\t\t\t\t\t\t\t\t\t\t\t<a class=\"elementor-accordion-title\" tabindex=\"0\"> Comment puis-je participer, faire un don ou devenir membre ?<\/a>\n\t\t\t\t\t<\/div>\n\t\t\t\t\t<div id=\"elementor-tab-content-1702\" class=\"elementor-tab-content elementor-clearfix\" data-tab=\"2\" role=\"region\" aria-labelledby=\"elementor-tab-title-1702\"><p data-start=\"261\" data-end=\"409\">Il existe de nombreuses fa\u00e7ons de rejoindre la <strong data-start=\"303\" data-end=\"360\">Fondation internationale Theodora von Auersperg (TvA)<\/strong> et le mondial <strong data-start=\"376\" data-end=\"399\">Esperanza for Life\u2122<\/strong> mouvement.<\/p><p data-start=\"411\" data-end=\"691\">Vous pouvez soutenir notre mission en devenant membre, en effectuant un don ponctuel ou r\u00e9gulier, en mettant \u00e0 disposition votre temps et votre expertise \u00e0 titre b\u00e9n\u00e9vole, en participant \u00e0 nos \u00e9v\u00e9nements, en rejoignant l'une de nos initiatives, en devenant ambassadeur ou en nouant un partenariat avec nous, que ce soit \u00e0 titre individuel, en tant qu'organisation ou en tant qu'entreprise.<\/p><p data-start=\"693\" data-end=\"917\">Chaque contribution \u2014 qu'il s'agisse de temps, de savoir-faire, d'un soutien financier ou d'une collaboration \u2014 nous aide \u00e0 renforcer les liens entre les animaux, les \u00eatres humains et la nature, tout en favorisant le bien-\u00eatre des communaut\u00e9s et en g\u00e9n\u00e9rant un impact social durable.<\/p><p data-start=\"919\" data-end=\"1157\">Pour d\u00e9couvrir les diff\u00e9rentes fa\u00e7ons de vous impliquer, rendez-vous sur notre <strong data-start=\"983\" data-end=\"997\">Adh\u00e9sion<\/strong>, <strong>Pourquoi nous rejoindre ? Faire un don<\/strong>, <strong data-start=\"1011\" data-end=\"1024\">B\u00e9n\u00e9vole<\/strong>, <strong data-start=\"1026\" data-end=\"1055\">Possibilit\u00e9s de partenariat<\/strong>, et <strong data-start=\"1061\" data-end=\"1090\">Possibilit\u00e9s de parrainage<\/strong> pages, ou contactez-nous directement. Nous serions ravis d'avoir de vos nouvelles.<\/p><\/div>\n\t\t\t\t<\/div>\n\t\t\t\t\t\t\t<div class=\"elementor-accordion-item\">\n\t\t\t\t\t<div id=\"elementor-tab-title-1703\" class=\"elementor-tab-title\" data-tab=\"3\" role=\"button\" aria-controls=\"elementor-tab-content-1703\" aria-expanded=\"false\">\n\t\t\t\t\t\t\t\t\t\t\t\t\t<span class=\"elementor-accordion-icon elementor-accordion-icon-right\" aria-hidden=\"true\">\n\t\t\t\t\t\t\t\t\t\t\t\t\t\t\t<span class=\"elementor-accordion-icon-closed\"><i class=\"fas fa-plus\"><\/i><\/span>\n\t\t\t\t\t\t\t\t<span class=\"elementor-accordion-icon-opened\"><i class=\"fas fa-minus\"><\/i><\/span>\n\t\t\t\t\t\t\t\t\t\t\t\t\t\t<\/span>\n\t\t\t\t\t\t\t\t\t\t\t\t<a class=\"elementor-accordion-title\" tabindex=\"0\">Comment puis-je devenir b\u00e9n\u00e9vole ?<\/a>\n\t\t\t\t\t<\/div>\n\t\t\t\t\t<div id=\"elementor-tab-content-1703\" class=\"elementor-tab-content elementor-clearfix\" data-tab=\"3\" role=\"region\" aria-labelledby=\"elementor-tab-title-1703\"><p class=\"PDq2pG_selectionAnchorContainer\" data-start=\"209\" data-end=\"354\">Nous accueillons chaleureusement toutes les personnes qui partagent notre passion pour le changement positif et qui souhaitent mettre \u00e0 notre service leur temps, leurs comp\u00e9tences et leur exp\u00e9rience.<\/p><p data-start=\"356\" data-end=\"599\">Que vous souhaitiez vous impliquer dans l'organisation d'\u00e9v\u00e9nements, les actions de proximit\u00e9, la collecte de fonds, la communication, l'administration, les projets cr\u00e9atifs, les services professionnels ou l'un de nos <strong data-start=\"526\" data-end=\"549\">Esperanza for Life\u2122<\/strong> En ce qui concerne ces initiatives, il existe de nombreuses fa\u00e7ons de s'impliquer.<\/p><p data-start=\"601\" data-end=\"854\">Il vous suffit de vous rendre sur notre <strong data-start=\"618\" data-end=\"631\">B\u00e9n\u00e9vole<\/strong> page ou contactez-nous directement pour nous faire part de vos centres d'int\u00e9r\u00eat, de votre exp\u00e9rience et de vos disponibilit\u00e9s. Notre \u00e9quipe se fera un plaisir de vous pr\u00e9senter les opportunit\u00e9s actuelles et de vous aider \u00e0 trouver un poste enrichissant, en ad\u00e9quation avec vos comp\u00e9tences et vos centres d'int\u00e9r\u00eat.<\/p><p data-start=\"856\" data-end=\"995\">Ensemble, nous pouvons avoir un impact durable en renfor\u00e7ant les liens entre les animaux, les humains et la nature, un geste de bienveillance \u00e0 la fois.<\/p><\/div>\n\t\t\t\t<\/div>\n\t\t\t\t\t\t\t<div class=\"elementor-accordion-item\">\n\t\t\t\t\t<div id=\"elementor-tab-title-1704\" class=\"elementor-tab-title\" data-tab=\"4\" role=\"button\" aria-controls=\"elementor-tab-content-1704\" aria-expanded=\"false\">\n\t\t\t\t\t\t\t\t\t\t\t\t\t<span class=\"elementor-accordion-icon elementor-accordion-icon-right\" aria-hidden=\"true\">\n\t\t\t\t\t\t\t\t\t\t\t\t\t\t\t<span class=\"elementor-accordion-icon-closed\"><i class=\"fas fa-plus\"><\/i><\/span>\n\t\t\t\t\t\t\t\t<span class=\"elementor-accordion-icon-opened\"><i class=\"fas fa-minus\"><\/i><\/span>\n\t\t\t\t\t\t\t\t\t\t\t\t\t\t<\/span>\n\t\t\t\t\t\t\t\t\t\t\t\t<a class=\"elementor-accordion-title\" tabindex=\"0\">Comment puis-je participer \u00e0 un projet ou \u00e0 une initiative sp\u00e9cifique ?<\/a>\n\t\t\t\t\t<\/div>\n\t\t\t\t\t<div id=\"elementor-tab-content-1704\" class=\"elementor-tab-content elementor-clearfix\" data-tab=\"4\" role=\"region\" aria-labelledby=\"elementor-tab-title-1704\"><p class=\"PDq2pG_selectionAnchorContainer\" data-start=\"240\" data-end=\"451\">Nous invitons les particuliers, les associations, les entreprises, les institutions et les collectivit\u00e9s qui souhaitent apporter leur contribution \u00e0 un projet ou \u00e0 une initiative sp\u00e9cifique de la <strong data-start=\"393\" data-end=\"450\">Fondation internationale Theodora von Auersperg (TvA)<\/strong>.<\/p><p data-start=\"453\" data-end=\"697\">Que vous vous int\u00e9ressiez au bien-\u00eatre animal, au bien-\u00eatre des enfants, \u00e0 la protection de l'environnement, \u00e0 l'\u00e9ducation, \u00e0 la <strong data-start=\"564\" data-end=\"587\">Esperanza for Life\u2122<\/strong> mouvement, ou l'une de nos initiatives \u00e0 impact social, nous serions ravis d'\u00e9tudier avec vous les possibilit\u00e9s de votre engagement.<\/p><p data-start=\"699\" data-end=\"946\">En fonction de vos centres d'int\u00e9r\u00eat et de votre expertise, les possibilit\u00e9s peuvent inclure le b\u00e9n\u00e9volat, la collecte de fonds, le parrainage, les partenariats strat\u00e9giques, la collaboration professionnelle, la d\u00e9fense des int\u00e9r\u00eats ou le soutien \u00e0 un projet sp\u00e9cifique par le biais de contributions financi\u00e8res ou en nature.<\/p><p data-start=\"948\" data-end=\"1089\">N'h\u00e9sitez pas \u00e0 nous contacter pour nous faire part de vos centres d'int\u00e9r\u00eat ; ensemble, nous pourrons d\u00e9terminer la mani\u00e8re la plus pertinente pour vous ou votre organisation d'apporter votre contribution.<\/p><hr data-start=\"1091\" data-end=\"1094\" \/><\/div>\n\t\t\t\t<\/div>\n\t\t\t\t\t\t\t<div class=\"elementor-accordion-item\">\n\t\t\t\t\t<div id=\"elementor-tab-title-1705\" class=\"elementor-tab-title\" data-tab=\"5\" role=\"button\" aria-controls=\"elementor-tab-content-1705\" aria-expanded=\"false\">\n\t\t\t\t\t\t\t\t\t\t\t\t\t<span class=\"elementor-accordion-icon elementor-accordion-icon-right\" aria-hidden=\"true\">\n\t\t\t\t\t\t\t\t\t\t\t\t\t\t\t<span class=\"elementor-accordion-icon-closed\"><i class=\"fas fa-plus\"><\/i><\/span>\n\t\t\t\t\t\t\t\t<span class=\"elementor-accordion-icon-opened\"><i class=\"fas fa-minus\"><\/i><\/span>\n\t\t\t\t\t\t\t\t\t\t\t\t\t\t<\/span>\n\t\t\t\t\t\t\t\t\t\t\t\t<a class=\"elementor-accordion-title\" tabindex=\"0\">Puis-je \u00e9tablir un partenariat ou collaborer avec la Fondation ?<\/a>\n\t\t\t\t\t<\/div>\n\t\t\t\t\t<div id=\"elementor-tab-content-1705\" class=\"elementor-tab-content elementor-clearfix\" data-tab=\"5\" role=\"region\" aria-labelledby=\"elementor-tab-title-1705\"><p class=\"PDq2pG_selectionAnchorContainer\" data-start=\"215\" data-end=\"226\">Tout \u00e0 fait.<\/p><p data-start=\"228\" data-end=\"616\">Les <strong data-start=\"232\" data-end=\"289\">Fondation internationale Theodora von Auersperg (TvA)<\/strong> est convaincue que c'est gr\u00e2ce \u00e0 la collaboration que l'on parvient \u00e0 un changement significatif et durable. Nous sommes ouverts \u00e0 tout partenariat avec des particuliers, des entreprises, des associations \u00e0 but non lucratif, des \u00e9tablissements d'enseignement, des collectivit\u00e9s locales, des professionnels de la sant\u00e9 et de la m\u00e9decine v\u00e9t\u00e9rinaire, des chercheurs, des organisations philanthropiques et des entreprises qui partagent notre vision.<\/p><p data-start=\"618\" data-end=\"872\">Que vous souhaitiez parrainer un \u00e9v\u00e9nement, soutenir une initiative sp\u00e9cifique, d\u00e9velopper un partenariat strat\u00e9gique, partager votre expertise ou cr\u00e9er ensemble un projet innovant, nous serions ravis d'\u00e9tudier les possibilit\u00e9s de collaboration.<\/p><p data-start=\"874\" data-end=\"1068\">Chaque partenariat est unique, et nous sommes toujours ouverts \u00e0 la mise en place de collaborations fructueuses qui g\u00e9n\u00e8rent un impact social durable et renforcent les liens entre les animaux, les humains et la nature.<\/p><p data-start=\"1070\" data-end=\"1171\">Veuillez consulter notre <strong data-start=\"1087\" data-end=\"1116\">Possibilit\u00e9s de partenariat<\/strong> page ou contactez-nous directement pour entamer la discussion.<\/p><\/div>\n\t\t\t\t<\/div>\n\t\t\t\t\t\t\t<div class=\"elementor-accordion-item\">\n\t\t\t\t\t<div id=\"elementor-tab-title-1706\" class=\"elementor-tab-title\" data-tab=\"6\" role=\"button\" aria-controls=\"elementor-tab-content-1706\" aria-expanded=\"false\">\n\t\t\t\t\t\t\t\t\t\t\t\t\t<span class=\"elementor-accordion-icon elementor-accordion-icon-right\" aria-hidden=\"true\">\n\t\t\t\t\t\t\t\t\t\t\t\t\t\t\t<span class=\"elementor-accordion-icon-closed\"><i class=\"fas fa-plus\"><\/i><\/span>\n\t\t\t\t\t\t\t\t<span class=\"elementor-accordion-icon-opened\"><i class=\"fas fa-minus\"><\/i><\/span>\n\t\t\t\t\t\t\t\t\t\t\t\t\t\t<\/span>\n\t\t\t\t\t\t\t\t\t\t\t\t<a class=\"elementor-accordion-title\" tabindex=\"0\">\u00c0 quoi servent les dons et les subventions ?<\/a>\n\t\t\t\t\t<\/div>\n\t\t\t\t\t<div id=\"elementor-tab-content-1706\" class=\"elementor-tab-content elementor-clearfix\" data-tab=\"6\" role=\"region\" aria-labelledby=\"elementor-tab-title-1706\"><p class=\"PDq2pG_selectionAnchorContainer\" data-start=\"288\" data-end=\"469\">Chaque contribution confi\u00e9e \u00e0 la <strong data-start=\"324\" data-end=\"381\">Fondation internationale Theodora von Auersperg (TvA)<\/strong> sert \u00e0 faire avancer notre mission caritative et \u00e0 g\u00e9n\u00e9rer un impact social significatif et durable.<\/p><p data-start=\"471\" data-end=\"782\">Les dons et les subventions contribuent \u00e0 soutenir notre <strong data-start=\"510\" data-end=\"533\">Esperanza for Life\u2122<\/strong> des initiatives portant notamment sur le bien-\u00eatre animal, le bien-\u00eatre des enfants, l'\u00e9ducation, la protection de l'environnement, l'engagement communautaire et l'\u00e9laboration de solutions innovantes et durables qui renforcent les liens entre les animaux, les \u00eatres humains et la nature.<\/p><p data-start=\"784\" data-end=\"1025\">Les contributions peuvent \u00e9galement servir \u00e0 soutenir la planification, le d\u00e9veloppement et la croissance \u00e0 long terme de projets tels que le <strong data-start=\"887\" data-end=\"918\">Centres \u00ab Esperanza for Life\u2122 \u00bb<\/strong>, des programmes \u00e9ducatifs, des campagnes de sensibilisation, des partenariats et des initiatives futures qui contribuent \u00e0 la r\u00e9alisation de notre mission.<\/p><p data-start=\"1027\" data-end=\"1237\">Nous nous engageons \u00e0 utiliser tous les fonds de mani\u00e8re responsable, transparente et conforme \u00e0 nos objectifs caritatifs, en veillant \u00e0 ce que chaque contribution contribue \u00e0 cr\u00e9er des communaut\u00e9s plus saines et \u00e0 apporter des changements positifs durables.<\/p><\/div>\n\t\t\t\t<\/div>\n\t\t\t\t\t\t\t<div class=\"elementor-accordion-item\">\n\t\t\t\t\t<div id=\"elementor-tab-title-1707\" class=\"elementor-tab-title\" data-tab=\"7\" role=\"button\" aria-controls=\"elementor-tab-content-1707\" aria-expanded=\"false\">\n\t\t\t\t\t\t\t\t\t\t\t\t\t<span class=\"elementor-accordion-icon elementor-accordion-icon-right\" aria-hidden=\"true\">\n\t\t\t\t\t\t\t\t\t\t\t\t\t\t\t<span class=\"elementor-accordion-icon-closed\"><i class=\"fas fa-plus\"><\/i><\/span>\n\t\t\t\t\t\t\t\t<span class=\"elementor-accordion-icon-opened\"><i class=\"fas fa-minus\"><\/i><\/span>\n\t\t\t\t\t\t\t\t\t\t\t\t\t\t<\/span>\n\t\t\t\t\t\t\t\t\t\t\t\t<a class=\"elementor-accordion-title\" tabindex=\"0\">Mon don est-il d\u00e9ductible des imp\u00f4ts ?<\/a>\n\t\t\t\t\t<\/div>\n\t\t\t\t\t<div id=\"elementor-tab-content-1707\" class=\"elementor-tab-content elementor-clearfix\" data-tab=\"7\" role=\"region\" aria-labelledby=\"elementor-tab-title-1707\"><p class=\"PDq2pG_selectionAnchorContainer\" data-start=\"340\" data-end=\"440\">La d\u00e9ductibilit\u00e9 fiscale des dons d\u00e9pend de la l\u00e9gislation et de la r\u00e9glementation en vigueur dans votre pays de r\u00e9sidence.<\/p><p data-start=\"442\" data-end=\"736\">Les <strong data-start=\"446\" data-end=\"503\">Fondation internationale Theodora von Auersperg (TvA)<\/strong> s'engage \u00e0 faire preuve de transparence et peut vous fournir un re\u00e7u de don ou une attestation de votre contribution, le cas \u00e9ch\u00e9ant. Toutefois, c'est aux autorit\u00e9s fiscales nationales comp\u00e9tentes qu'il appartient de d\u00e9terminer si votre don donne droit \u00e0 des avantages fiscaux.<\/p><p data-start=\"738\" data-end=\"991\">Si vous avez des questions concernant le traitement fiscal de votre don, nous vous recommandons de consulter votre conseiller fiscal ou l'administration fiscale locale. N'h\u00e9sitez pas non plus \u00e0 nous contacter si vous avez besoin d'informations ou de documents suppl\u00e9mentaires concernant votre don.<\/p><\/div>\n\t\t\t\t<\/div>\n\t\t\t\t\t\t\t<div class=\"elementor-accordion-item\">\n\t\t\t\t\t<div id=\"elementor-tab-title-1708\" class=\"elementor-tab-title\" data-tab=\"8\" role=\"button\" aria-controls=\"elementor-tab-content-1708\" aria-expanded=\"false\">\n\t\t\t\t\t\t\t\t\t\t\t\t\t<span class=\"elementor-accordion-icon elementor-accordion-icon-right\" aria-hidden=\"true\">\n\t\t\t\t\t\t\t\t\t\t\t\t\t\t\t<span class=\"elementor-accordion-icon-closed\"><i class=\"fas fa-plus\"><\/i><\/span>\n\t\t\t\t\t\t\t\t<span class=\"elementor-accordion-icon-opened\"><i class=\"fas fa-minus\"><\/i><\/span>\n\t\t\t\t\t\t\t\t\t\t\t\t\t\t<\/span>\n\t\t\t\t\t\t\t\t\t\t\t\t<a class=\"elementor-accordion-title\" tabindex=\"0\">Comment puis-je me tenir inform\u00e9 des activit\u00e9s de la Fondation ?<\/a>\n\t\t\t\t\t<\/div>\n\t\t\t\t\t<div id=\"elementor-tab-content-1708\" class=\"elementor-tab-content elementor-clearfix\" data-tab=\"8\" role=\"region\" aria-labelledby=\"elementor-tab-title-1708\"><p class=\"PDq2pG_selectionAnchorContainer\" data-start=\"140\" data-end=\"296\">Il existe plusieurs fa\u00e7ons de rester en contact avec le <strong data-start=\"190\" data-end=\"247\">Fondation internationale Theodora von Auersperg (TvA)<\/strong> et le mondial <strong data-start=\"263\" data-end=\"286\">Esperanza for Life\u2122<\/strong> mouvement.<\/p><p data-start=\"298\" data-end=\"503\">Nous vous invitons \u00e0 vous abonner \u00e0 notre newsletter, \u00e0 nous suivre sur les r\u00e9seaux sociaux et \u00e0 consulter r\u00e9guli\u00e8rement notre site Internet pour d\u00e9couvrir les derni\u00e8res actualit\u00e9s, les \u00e9v\u00e9nements, les projets, les publications et les possibilit\u00e9s de vous impliquer.<\/p><p data-start=\"505\" data-end=\"696\">En tant que membre de notre communaut\u00e9, vous recevrez \u00e9galement des informations sur nos initiatives, nos \u00e9v\u00e9nements sp\u00e9ciaux, des t\u00e9moignages illustrant notre impact, ainsi que des opportunit\u00e9s de soutenir ou de participer \u00e0 notre r\u00e9seau international en pleine expansion.<\/p><p data-start=\"698\" data-end=\"902\">Nous sommes impatients de vous accueillir au sein de notre communaut\u00e9 et de partager ce parcours avec vous, alors que nous \u0153uvrons ensemble pour cr\u00e9er des communaut\u00e9s plus saines en renfor\u00e7ant les liens entre les animaux, les humains et la nature.<\/p><\/div>\n\t\t\t\t<\/div>\n\t\t\t\t\t\t\t<div class=\"elementor-accordion-item\">\n\t\t\t\t\t<div id=\"elementor-tab-title-1709\" class=\"elementor-tab-title\" data-tab=\"9\" role=\"button\" aria-controls=\"elementor-tab-content-1709\" aria-expanded=\"false\">\n\t\t\t\t\t\t\t\t\t\t\t\t\t<span class=\"elementor-accordion-icon elementor-accordion-icon-right\" aria-hidden=\"true\">\n\t\t\t\t\t\t\t\t\t\t\t\t\t\t\t<span class=\"elementor-accordion-icon-closed\"><i class=\"fas fa-plus\"><\/i><\/span>\n\t\t\t\t\t\t\t\t<span class=\"elementor-accordion-icon-opened\"><i class=\"fas fa-minus\"><\/i><\/span>\n\t\t\t\t\t\t\t\t\t\t\t\t\t\t<\/span>\n\t\t\t\t\t\t\t\t\t\t\t\t<a class=\"elementor-accordion-title\" tabindex=\"0\">Comment puis-je contacter la Fondation ?<\/a>\n\t\t\t\t\t<\/div>\n\t\t\t\t\t<div id=\"elementor-tab-content-1709\" class=\"elementor-tab-content elementor-clearfix\" data-tab=\"9\" role=\"region\" aria-labelledby=\"elementor-tab-title-1709\"><p class=\"PDq2pG_selectionAnchorContainer\" data-start=\"227\" data-end=\"367\">Nous sommes toujours ravis d'avoir des nouvelles des particuliers, des organisations, de nos partenaires, de nos sympathisants, de nos membres, de nos b\u00e9n\u00e9voles et de toute personne int\u00e9ress\u00e9e par notre travail.<\/p><p data-start=\"369\" data-end=\"659\">Que vous ayez une question, que vous souhaitiez soutenir l'une de nos initiatives, envisager un partenariat, devenir b\u00e9n\u00e9vole, adh\u00e9rer \u00e0 notre association ou simplement en savoir plus sur la <strong data-start=\"526\" data-end=\"583\">Fondation internationale Theodora von Auersperg (TvA)<\/strong> et le <strong data-start=\"592\" data-end=\"615\">Esperanza for Life\u2122<\/strong> mouvement, n'h\u00e9sitez pas \u00e0 nous contacter.<\/p><p data-start=\"661\" data-end=\"847\">Veuillez consulter notre <strong data-start=\"678\" data-end=\"689\">Contact<\/strong> page, o\u00f9 vous trouverez notre formulaire de contact ainsi que les coordonn\u00e9es correspondantes. Nous mettrons tout en \u0153uvre pour r\u00e9pondre \u00e0 votre demande dans les meilleurs d\u00e9lais.<\/p><p data-start=\"849\" data-end=\"979\">Nous avons h\u00e2te de faire votre connaissance et d'\u00e9tudier comment, ensemble, nous pouvons g\u00e9n\u00e9rer un impact social durable et contribuer \u00e0 des communaut\u00e9s plus saines.<\/p><\/div>\n\t\t\t\t<\/div>\n\t\t\t\t\t\t\t<div class=\"elementor-accordion-item\">\n\t\t\t\t\t<div id=\"elementor-tab-title-17010\" class=\"elementor-tab-title\" data-tab=\"10\" role=\"button\" aria-controls=\"elementor-tab-content-17010\" aria-expanded=\"false\">\n\t\t\t\t\t\t\t\t\t\t\t\t\t<span class=\"elementor-accordion-icon elementor-accordion-icon-right\" aria-hidden=\"true\">\n\t\t\t\t\t\t\t\t\t\t\t\t\t\t\t<span class=\"elementor-accordion-icon-closed\"><i class=\"fas fa-plus\"><\/i><\/span>\n\t\t\t\t\t\t\t\t<span class=\"elementor-accordion-icon-opened\"><i class=\"fas fa-minus\"><\/i><\/span>\n\t\t\t\t\t\t\t\t\t\t\t\t\t\t<\/span>\n\t\t\t\t\t\t\t\t\t\t\t\t<a class=\"elementor-accordion-title\" tabindex=\"0\">Comment puis-je signaler un probl\u00e8me ou fournir un retour d'information ?<\/a>\n\t\t\t\t\t<\/div>\n\t\t\t\t\t<div id=\"elementor-tab-content-17010\" class=\"elementor-tab-content elementor-clearfix\" data-tab=\"10\" role=\"region\" aria-labelledby=\"elementor-tab-title-17010\"><p class=\"PDq2pG_selectionAnchorContainer\" data-start=\"209\" data-end=\"386\">Nous accordons une grande importance \u00e0 vos commentaires et nous nous engageons \u00e0 am\u00e9liorer sans cesse notre travail, nos programmes et votre exp\u00e9rience avec le <strong data-start=\"328\" data-end=\"385\">Fondation internationale Theodora von Auersperg (TvA)<\/strong>.<\/p><p data-start=\"388\" data-end=\"598\">Si vous avez rencontr\u00e9 un probl\u00e8me sur notre site web, si vous avez une question, si vous souhaitez nous faire part d'une suggestion ou si vous souhaitez nous donner votre avis sur l'une de nos initiatives, l'un de nos \u00e9v\u00e9nements ou l'un de nos services, n'h\u00e9sitez pas \u00e0 nous contacter.<\/p><p data-start=\"600\" data-end=\"805\">Veuillez consulter notre <strong data-start=\"617\" data-end=\"628\">Contact<\/strong> page et envoyez-nous vos commentaires ou vos pr\u00e9occupations. Nous examinons attentivement tous les retours d'exp\u00e9rience et mettrons tout en \u0153uvre pour y r\u00e9pondre rapidement et r\u00e9soudre les \u00e9ventuels probl\u00e8mes, le cas \u00e9ch\u00e9ant.<\/p><p data-start=\"807\" data-end=\"952\">Vos id\u00e9es, vos remarques et vos suggestions nous aident \u00e0 nous d\u00e9velopper, \u00e0 renforcer notre mission et \u00e0 mieux servir les communaut\u00e9s, les animaux et les causes que nous soutenons.<\/p><p data-start=\"954\" data-end=\"1035\">Merci de nous aider \u00e0 nous am\u00e9liorer sans cesse et \u00e0 avoir un impact positif durable.<\/p><\/div>\n\t\t\t\t<\/div>\n\t\t\t\t\t\t\t<div class=\"elementor-accordion-item\">\n\t\t\t\t\t<div id=\"elementor-tab-title-17011\" class=\"elementor-tab-title\" data-tab=\"11\" role=\"button\" aria-controls=\"elementor-tab-content-17011\" aria-expanded=\"false\">\n\t\t\t\t\t\t\t\t\t\t\t\t\t<span class=\"elementor-accordion-icon elementor-accordion-icon-right\" aria-hidden=\"true\">\n\t\t\t\t\t\t\t\t\t\t\t\t\t\t\t<span class=\"elementor-accordion-icon-closed\"><i class=\"fas fa-plus\"><\/i><\/span>\n\t\t\t\t\t\t\t\t<span class=\"elementor-accordion-icon-opened\"><i class=\"fas fa-minus\"><\/i><\/span>\n\t\t\t\t\t\t\t\t\t\t\t\t\t\t<\/span>\n\t\t\t\t\t\t\t\t\t\t\t\t<a class=\"elementor-accordion-title\" tabindex=\"0\">Quelle est votre politique en mati\u00e8re de protection de la vie priv\u00e9e ?<\/a>\n\t\t\t\t\t<\/div>\n\t\t\t\t\t<div id=\"elementor-tab-content-17011\" class=\"elementor-tab-content elementor-clearfix\" data-tab=\"11\" role=\"region\" aria-labelledby=\"elementor-tab-title-17011\"><p><strong><span style=\"color: #d5b448;\"><a style=\"color: #d5b448;\" href=\"https:\/\/tva-foundation.org\/fr\/privacy-policy\/\">NOTRE POLITIQUE DE CONFIDENTIALIT\u00c9<\/a><\/span><\/strong><\/p><\/div>\n\t\t\t\t<\/div>\n\t\t\t\t\t\t\t\t<\/div>\n\t\t\t\t\t\t<\/div>\n\t\t\t\t<\/div>\n\t\t\t\t\t<\/div>\n\t\t<\/div>\n\t\t\t\t<div class=\"elementor-column elementor-col-33 elementor-top-column elementor-element elementor-element-70f38718\" data-id=\"70f38718\" data-element_type=\"column\" data-e-type=\"column\">\n\t\t\t<div class=\"elementor-widget-wrap elementor-element-populated\">\n\t\t\t\t\t\t<section class=\"elementor-section elementor-inner-section elementor-element elementor-element-5781b5b5 elementor-section-boxed elementor-section-height-default elementor-section-height-default\" data-id=\"5781b5b5\" data-element_type=\"section\" data-e-type=\"section\">\n\t\t\t\t\t\t<div class=\"elementor-container elementor-column-gap-no\">\n\t\t\t\t\t<div class=\"elementor-column elementor-col-100 elementor-inner-column elementor-element elementor-element-2c776a96\" data-id=\"2c776a96\" data-element_type=\"column\" data-e-type=\"column\" data-settings=\"{&quot;background_background&quot;:&quot;classic&quot;}\">\n\t\t\t<div class=\"elementor-widget-wrap elementor-element-populated\">\n\t\t\t\t\t\t<div class=\"elementor-element elementor-element-26f37b2f elementor-widget elementor-widget-heading\" data-id=\"26f37b2f\" data-element_type=\"widget\" data-e-type=\"widget\" data-widget_type=\"heading.default\">\n\t\t\t\t<div class=\"elementor-widget-container\">\n\t\t\t\t\t<h5 class=\"elementor-heading-title elementor-size-default\"><a href=\"https:\/\/tva-foundation.org\/fr\/contact\/\">Une question ?\n<\/a><\/h5>\t\t\t\t<\/div>\n\t\t\t\t<\/div>\n\t\t\t\t<div class=\"elementor-element elementor-element-59e0244a elementor-widget elementor-widget-text-editor\" data-id=\"59e0244a\" data-element_type=\"widget\" data-e-type=\"widget\" data-widget_type=\"text-editor.default\">\n\t\t\t\t<div class=\"elementor-widget-container\">\n\t\t\t\t\t\t\t\t\t<p>Si vous avez des questions, des suggestions ou si vous voulez simplement dire bonjour, n'h\u00e9sitez pas \u00e0 nous contacter.<\/p>\t\t\t\t\t\t\t\t<\/div>\n\t\t\t\t<\/div>\n\t\t\t\t<div class=\"elementor-element elementor-element-16b03849 elementor-widget elementor-widget-text-editor\" data-id=\"16b03849\" data-element_type=\"widget\" data-e-type=\"widget\" data-widget_type=\"text-editor.default\">\n\t\t\t\t<div class=\"elementor-widget-container\">\n\t\t\t\t\t\t\t\t\t<p><a style=\"color: #fff;\" href=\"https:\/\/tva-foundation.org\/fr\/contact\/\">POSER UNE QUESTION<\/a><\/p>\t\t\t\t\t\t\t\t<\/div>\n\t\t\t\t<\/div>\n\t\t\t\t\t<\/div>\n\t\t<\/div>\n\t\t\t\t\t<\/div>\n\t\t<\/section>\n\t\t\t\t\t<\/div>\n\t\t<\/div>\n\t\t\t\t\t<\/div>\n\t\t<\/section>\n\t\t<div class=\"elementor-element elementor-element-e1c78d2 e-flex e-con-boxed e-con e-parent\" data-id=\"e1c78d2\" data-element_type=\"container\" data-e-type=\"container\">\n\t\t\t\t\t<div class=\"e-con-inner\">\n\t\t\t\t\t<\/div>\n\t\t\t\t<\/div>\n\t\t\t\t<\/div>","protected":false},"excerpt":{"rendered":"<p>What is the Theodora von Auersperg (TvA) International Foundation &#8211; <a href=\"http:\/\/www.TvAFoundation.org\" rel=\"nofollow\">http:\/\/www.TvAFoundation.org<\/a> The Theodora von Auersperg (TvA) International Foundation is an independent nonprofit organization dedicated to creating lasting social impact by strengthening the relationship between animals, people, and nature. Through the global Esperanza for Life\u2122 movement, we bring together philanthropy, education, innovation, community engagement, and sustainable [&hellip;]<\/p>\n","protected":false},"author":38320787,"featured_media":440,"parent":0,"menu_order":0,"comment_status":"closed","ping_status":"closed","template":"","meta":{"_wpcom_ai_launchpad_about_page":false,"_wpcom_ai_launchpad_gallery_page":false,"_wpcom_ai_launchpad_contact_page":false,"_wpcom_ai_launchpad_events_page":false,"_wpcom_ai_launchpad_video_page":false,"_wpcom_ai_launchpad_portfolio_piece":false,"footnotes":""},"class_list":["post-2215","page","type-page","status-publish","has-post-thumbnail","hentry"],"jetpack_likes_enabled":true,"jetpack_sharing_enabled":true,"jetpack_shortlink":"https:\/\/wp.me\/Pf58jH-zJ","jetpack-related-posts":[],"_links":{"self":[{"href":"https:\/\/tva-foundation.org\/fr\/wp-json\/wp\/v2\/pages\/2215","targetHints":{"allow":["GET"]}}],"collection":[{"href":"https:\/\/tva-foundation.org\/fr\/wp-json\/wp\/v2\/pages"}],"about":[{"href":"https:\/\/tva-foundation.org\/fr\/wp-json\/wp\/v2\/types\/page"}],"author":[{"embeddable":true,"href":"https:\/\/tva-foundation.org\/fr\/wp-json\/wp\/v2\/users\/38320787"}],"replies":[{"embeddable":true,"href":"https:\/\/tva-foundation.org\/fr\/wp-json\/wp\/v2\/comments?post=2215"}],"version-history":[{"count":100,"href":"https:\/\/tva-foundation.org\/fr\/wp-json\/wp\/v2\/pages\/2215\/revisions"}],"predecessor-version":[{"id":25738,"href":"https:\/\/tva-foundation.org\/fr\/wp-json\/wp\/v2\/pages\/2215\/revisions\/25738"}],"wp:featuredmedia":[{"embeddable":true,"href":"https:\/\/tva-foundation.org\/fr\/wp-json\/wp\/v2\/media\/440"}],"wp:attachment":[{"href":"https:\/\/tva-foundation.org\/fr\/wp-json\/wp\/v2\/media?parent=2215"}],"curies":[{"name":"wp","href":"https:\/\/api.w.org\/{rel}","templated":true}]}}